{"id":138,"date":"2022-05-17T14:59:40","date_gmt":"2022-05-17T14:59:40","guid":{"rendered":"https:\/\/demosites.royal-elementor-addons.com\/digital-marketing-agency-v1\/?page_id=138"},"modified":"2026-09-01T09:20:18","modified_gmt":"2026-09-01T14:20:18","slug":"examenes-medicos-ocupacionales","status":"publish","type":"page","link":"https:\/\/unidaddemedicinalaboral.com\/?page_id=138","title":{"rendered":"Ex\u00e1menes m\u00e9dicos ocupacionales"},"content":{"rendered":"\t\t<div data-elementor-type=\"wp-page\" data-elementor-id=\"138\" class=\"elementor elementor-138\">\n\t\t\t\t\t\t<section class=\"elementor-section elementor-top-section elementor-element elementor-element-b6d7b7e elementor-section-height-min-height elementor-section-boxed elementor-section-height-default elementor-section-items-middle wpr-particle-no wpr-jarallax-no wpr-parallax-no wpr-sticky-section-no wpr-column-slider-no wpr-equal-height-no\" data-id=\"b6d7b7e\" data-element_type=\"section\" data-e-type=\"section\" data-settings=\"{&quot;background_background&quot;:&quot;classic&quot;}\">\n\t\t\t\t\t\t<div class=\"elementor-container elementor-column-gap-default\">\n\t\t\t\t\t<div class=\"elementor-column elementor-col-100 elementor-top-column elementor-element elementor-element-2bd36d9\" data-id=\"2bd36d9\" data-element_type=\"column\" data-e-type=\"column\">\n\t\t\t<div class=\"elementor-widget-wrap elementor-element-populated\">\n\t\t\t\t\t\t<div class=\"elementor-element elementor-element-55eb9f9 elementor-widget__width-initial elementor-widget-mobile__width-initial elementor-widget elementor-widget-heading\" data-id=\"55eb9f9\" data-element_type=\"widget\" data-e-type=\"widget\" data-widget_type=\"heading.default\">\n\t\t\t\t<div class=\"elementor-widget-container\">\n\t\t\t\t\t<h2 class=\"elementor-heading-title elementor-size-default\">Ex\u00e1menes m\u00e9dicos\nocupacionales<\/h2>\t\t\t\t<\/div>\n\t\t\t\t<\/div>\n\t\t\t\t\t<\/div>\n\t\t<\/div>\n\t\t\t\t\t<\/div>\n\t\t<\/section>\n\t\t\t\t<section class=\"elementor-section elementor-top-section elementor-element elementor-element-0e31e29 elementor-section-boxed elementor-section-height-default elementor-section-height-default wpr-particle-no wpr-jarallax-no wpr-parallax-no wpr-sticky-section-no wpr-column-slider-no wpr-equal-height-no elementor-invisible\" data-id=\"0e31e29\" data-element_type=\"section\" data-e-type=\"section\" data-settings=\"{&quot;animation&quot;:&quot;fadeIn&quot;}\">\n\t\t\t\t\t\t<div class=\"elementor-container elementor-column-gap-default\">\n\t\t\t\t\t<div class=\"elementor-column elementor-col-100 elementor-top-column elementor-element elementor-element-e84a935\" data-id=\"e84a935\" data-element_type=\"column\" data-e-type=\"column\">\n\t\t\t<div class=\"elementor-widget-wrap elementor-element-populated\">\n\t\t\t\t\t\t<div class=\"elementor-element elementor-element-119f4f1 elementor-widget elementor-widget-heading\" data-id=\"119f4f1\" data-element_type=\"widget\" data-e-type=\"widget\" data-widget_type=\"heading.default\">\n\t\t\t\t<div class=\"elementor-widget-container\">\n\t\t\t\t\t<h2 class=\"elementor-heading-title elementor-size-default\">Ex\u00e1menes m\u00e9dicos ocupacionales<\/h2>\t\t\t\t<\/div>\n\t\t\t\t<\/div>\n\t\t\t\t<div class=\"elementor-element elementor-element-7ae9523 elementor-widget elementor-widget-heading\" data-id=\"7ae9523\" data-element_type=\"widget\" data-e-type=\"widget\" data-widget_type=\"heading.default\">\n\t\t\t\t<div class=\"elementor-widget-container\">\n\t\t\t\t\t<h2 class=\"elementor-heading-title elementor-size-default\">Estamos para ayudarte<\/h2>\t\t\t\t<\/div>\n\t\t\t\t<\/div>\n\t\t\t\t<section class=\"elementor-section elementor-inner-section elementor-element elementor-element-451e6fa elementor-section-boxed elementor-section-height-default elementor-section-height-default wpr-particle-no wpr-jarallax-no wpr-parallax-no wpr-sticky-section-no wpr-column-slider-no wpr-equal-height-no\" data-id=\"451e6fa\" data-element_type=\"section\" data-e-type=\"section\">\n\t\t\t\t\t\t<div class=\"elementor-container elementor-column-gap-default\">\n\t\t\t\t\t<div class=\"elementor-column elementor-col-50 elementor-inner-column elementor-element elementor-element-2f26e18\" data-id=\"2f26e18\" data-element_type=\"column\" data-e-type=\"column\">\n\t\t\t<div class=\"elementor-widget-wrap elementor-element-populated\">\n\t\t\t\t\t\t<div class=\"elementor-element elementor-element-efe0a2a elementor-widget elementor-widget-text-editor\" data-id=\"efe0a2a\" data-element_type=\"widget\" data-e-type=\"widget\" data-widget_type=\"text-editor.default\">\n\t\t\t\t<div class=\"elementor-widget-container\">\n\t\t\t\t\t\t\t\t\t<p>Los ex\u00e1menes m\u00e9dicos ocupacionales son una herramienta fundamental para proteger la salud de los trabajadores y prevenir enfermedades o alteraciones relacionadas con las condiciones de trabajo. A trav\u00e9s de estas evaluaciones es posible conocer el estado de salud del colaborador, identificar factores de riesgo, establecer recomendaciones y determinar si cuenta con las condiciones necesarias para desempe\u00f1ar las funciones propias de su cargo.<\/p>\t\t\t\t\t\t\t\t<\/div>\n\t\t\t\t<\/div>\n\t\t\t\t\t<\/div>\n\t\t<\/div>\n\t\t\t\t<div class=\"elementor-column elementor-col-50 elementor-inner-column elementor-element elementor-element-340bde8\" data-id=\"340bde8\" data-element_type=\"column\" data-e-type=\"column\">\n\t\t\t<div class=\"elementor-widget-wrap elementor-element-populated\">\n\t\t\t\t\t\t<div class=\"elementor-element elementor-element-23715db elementor-widget elementor-widget-text-editor\" data-id=\"23715db\" data-element_type=\"widget\" data-e-type=\"widget\" data-widget_type=\"text-editor.default\">\n\t\t\t\t<div class=\"elementor-widget-container\">\n\t\t\t\t\t\t\t\t\t<p>Realizamos <strong data-start=\"780\" data-end=\"943\">evaluaciones m\u00e9dicas ocupacionales de acuerdo con el cargo, los riesgos laborales, las condiciones de exposici\u00f3n y las necesidades particulares de cada empresa<\/strong>. Nuestro enfoque busca brindar informaci\u00f3n \u00fatil tanto para el trabajador como para la organizaci\u00f3n, contribuyendo a la prevenci\u00f3n, el seguimiento de las condiciones de salud y la toma de decisiones dentro del Sistema de Gesti\u00f3n de Seguridad y Salud en el Trabajo.<\/p>\t\t\t\t\t\t\t\t<\/div>\n\t\t\t\t<\/div>\n\t\t\t\t\t<\/div>\n\t\t<\/div>\n\t\t\t\t\t<\/div>\n\t\t<\/section>\n\t\t\t\t\t<\/div>\n\t\t<\/div>\n\t\t\t\t\t<\/div>\n\t\t<\/section>\n\t\t\t\t<section class=\"elementor-section elementor-top-section elementor-element elementor-element-ecfff3a elementor-section-boxed elementor-section-height-default elementor-section-height-default wpr-particle-no wpr-jarallax-no wpr-parallax-no wpr-sticky-section-no wpr-column-slider-no wpr-equal-height-no\" data-id=\"ecfff3a\" data-element_type=\"section\" data-e-type=\"section\">\n\t\t\t\t\t\t<div class=\"elementor-container elementor-column-gap-wide\">\n\t\t\t\t\t<div class=\"elementor-column elementor-col-50 elementor-top-column elementor-element elementor-element-5ed9481 elementor-invisible\" data-id=\"5ed9481\" data-element_type=\"column\" data-e-type=\"column\" data-settings=\"{&quot;animation&quot;:&quot;slideInLeft&quot;}\">\n\t\t\t<div class=\"elementor-widget-wrap elementor-element-populated\">\n\t\t\t\t\t\t<div class=\"elementor-element elementor-element-838f2be elementor-widget__width-initial elementor-widget elementor-widget-image\" data-id=\"838f2be\" data-element_type=\"widget\" data-e-type=\"widget\" data-widget_type=\"image.default\">\n\t\t\t\t<div class=\"elementor-widget-container\">\n\t\t\t\t\t\t\t\t\t\t\t\t\t\t\t<img fetchpriority=\"high\" decoding=\"async\" width=\"960\" height=\"494\" src=\"https:\/\/unidaddemedicinalaboral.com\/wp-content\/uploads\/2026\/08\/uml_ft99-1024x527.png\" class=\"attachment-large size-large wp-image-2729\" alt=\"\" srcset=\"https:\/\/unidaddemedicinalaboral.com\/wp-content\/uploads\/2026\/08\/uml_ft99-1024x527.png 1024w, https:\/\/unidaddemedicinalaboral.com\/wp-content\/uploads\/2026\/08\/uml_ft99-300x155.png 300w, https:\/\/unidaddemedicinalaboral.com\/wp-content\/uploads\/2026\/08\/uml_ft99-768x396.png 768w, https:\/\/unidaddemedicinalaboral.com\/wp-content\/uploads\/2026\/08\/uml_ft99-1536x791.png 1536w, https:\/\/unidaddemedicinalaboral.com\/wp-content\/uploads\/2026\/08\/uml_ft99.png 1800w\" sizes=\"(max-width: 960px) 100vw, 960px\" \/>\t\t\t\t\t\t\t\t\t\t\t\t\t\t\t<\/div>\n\t\t\t\t<\/div>\n\t\t\t\t\t<\/div>\n\t\t<\/div>\n\t\t\t\t<div class=\"elementor-column elementor-col-50 elementor-top-column elementor-element elementor-element-5cb482a elementor-invisible\" data-id=\"5cb482a\" data-element_type=\"column\" data-e-type=\"column\" data-settings=\"{&quot;animation&quot;:&quot;slideInRight&quot;}\">\n\t\t\t<div class=\"elementor-widget-wrap elementor-element-populated\">\n\t\t\t\t\t\t<div class=\"elementor-element elementor-element-3257bb9 elementor-widget elementor-widget-heading\" data-id=\"3257bb9\" data-element_type=\"widget\" data-e-type=\"widget\" data-widget_type=\"heading.default\">\n\t\t\t\t<div class=\"elementor-widget-container\">\n\t\t\t\t\t<h2 class=\"elementor-heading-title elementor-size-default\">Ex\u00e1menes m\u00e9dicos ocupacionales de ingreso<\/h2>\t\t\t\t<\/div>\n\t\t\t\t<\/div>\n\t\t\t\t<div class=\"elementor-element elementor-element-48e649c elementor-widget__width-initial elementor-widget elementor-widget-text-editor\" data-id=\"48e649c\" data-element_type=\"widget\" data-e-type=\"widget\" data-widget_type=\"text-editor.default\">\n\t\t\t\t<div class=\"elementor-widget-container\">\n\t\t\t\t\t\t\t\t\t<p class=\"PDq2pG_selectionAnchorContainer\" data-start=\"1389\" data-end=\"1744\">Los ex\u00e1menes m\u00e9dicos de ingreso permiten conocer las condiciones de salud del trabajador antes de iniciar sus actividades laborales. Esta evaluaci\u00f3n busca establecer una l\u00ednea base que permita identificar condiciones de salud preexistentes y determinar si existen factores que puedan verse afectados por las funciones, tareas o riesgos asociados al cargo.<\/p><p data-start=\"1746\" data-end=\"2060\">La valoraci\u00f3n se realiza teniendo en cuenta las caracter\u00edsticas del puesto de trabajo y los riesgos a los que estar\u00e1 expuesto el trabajador. De esta manera, se puede orientar la vigilancia de su salud desde el inicio de la relaci\u00f3n laboral y establecer recomendaciones o medidas preventivas cuando sean necesarias.<\/p><p data-start=\"2062\" data-end=\"2303\">Adem\u00e1s de contribuir al cuidado del trabajador, este examen proporciona informaci\u00f3n importante para que la empresa pueda fortalecer sus estrategias de prevenci\u00f3n y seguimiento dentro del Sistema de Gesti\u00f3n de Seguridad y Salud en el Trabajo.<\/p>\t\t\t\t\t\t\t\t<\/div>\n\t\t\t\t<\/div>\n\t\t\t\t\t<\/div>\n\t\t<\/div>\n\t\t\t\t\t<\/div>\n\t\t<\/section>\n\t\t\t\t<section class=\"elementor-section elementor-top-section elementor-element elementor-element-413dd83 elementor-section-boxed elementor-section-height-default elementor-section-height-default wpr-particle-no wpr-jarallax-no wpr-parallax-no wpr-sticky-section-no wpr-column-slider-no wpr-equal-height-no\" data-id=\"413dd83\" data-element_type=\"section\" data-e-type=\"section\">\n\t\t\t\t\t\t<div class=\"elementor-container elementor-column-gap-wide\">\n\t\t\t\t\t<div class=\"elementor-column elementor-col-50 elementor-top-column elementor-element elementor-element-fd39e8c elementor-invisible\" data-id=\"fd39e8c\" data-element_type=\"column\" data-e-type=\"column\" data-settings=\"{&quot;animation&quot;:&quot;slideInLeft&quot;,&quot;animation_delay&quot;:100}\">\n\t\t\t<div class=\"elementor-widget-wrap elementor-element-populated\">\n\t\t\t\t\t\t<div class=\"elementor-element elementor-element-b61614d elementor-widget elementor-widget-heading\" data-id=\"b61614d\" data-element_type=\"widget\" data-e-type=\"widget\" data-widget_type=\"heading.default\">\n\t\t\t\t<div class=\"elementor-widget-container\">\n\t\t\t\t\t<h2 class=\"elementor-heading-title elementor-size-default\">Ex\u00e1menes m\u00e9dicos ocupacionales peri\u00f3dicos<\/h2>\t\t\t\t<\/div>\n\t\t\t\t<\/div>\n\t\t\t\t<div class=\"elementor-element elementor-element-a71c4bd elementor-widget elementor-widget-text-editor\" data-id=\"a71c4bd\" data-element_type=\"widget\" data-e-type=\"widget\" data-widget_type=\"text-editor.default\">\n\t\t\t\t<div class=\"elementor-widget-container\">\n\t\t\t\t\t\t\t\t\t<p class=\"PDq2pG_selectionAnchorContainer\" data-start=\"2356\" data-end=\"2726\">Los ex\u00e1menes peri\u00f3dicos permiten realizar un <strong data-start=\"2401\" data-end=\"2492\">seguimiento al estado de salud de los trabajadores durante su permanencia en la empresa<\/strong>. Su objetivo es identificar oportunamente cambios o alteraciones que puedan estar relacionados con las condiciones de trabajo, la exposici\u00f3n a determinados riesgos o con la evoluci\u00f3n de condiciones de salud previamente identificadas.<\/p><p data-start=\"2728\" data-end=\"2969\">Estas evaluaciones permiten comparar la situaci\u00f3n actual del trabajador con sus antecedentes ocupacionales y m\u00e9dicos relevantes, facilitando la identificaci\u00f3n de posibles variaciones que requieran seguimiento, recomendaciones o intervenci\u00f3n.<\/p><p data-start=\"2971\" data-end=\"3177\">Los resultados tambi\u00e9n pueden aportar informaci\u00f3n para fortalecer las actividades de promoci\u00f3n y prevenci\u00f3n, los programas de vigilancia epidemiol\u00f3gica y las medidas de control implementadas por la empresa.<\/p>\t\t\t\t\t\t\t\t<\/div>\n\t\t\t\t<\/div>\n\t\t\t\t\t<\/div>\n\t\t<\/div>\n\t\t\t\t<div class=\"elementor-column elementor-col-50 elementor-top-column elementor-element elementor-element-bfca8f0 elementor-invisible\" data-id=\"bfca8f0\" data-element_type=\"column\" data-e-type=\"column\" data-settings=\"{&quot;animation&quot;:&quot;slideInRight&quot;,&quot;animation_delay&quot;:200}\">\n\t\t\t<div class=\"elementor-widget-wrap elementor-element-populated\">\n\t\t\t\t\t\t<div class=\"elementor-element elementor-element-a291a8a elementor-widget elementor-widget-image\" data-id=\"a291a8a\" data-element_type=\"widget\" data-e-type=\"widget\" data-widget_type=\"image.default\">\n\t\t\t\t<div class=\"elementor-widget-container\">\n\t\t\t\t\t\t\t\t\t\t\t\t\t\t\t<img fetchpriority=\"high\" decoding=\"async\" width=\"960\" height=\"494\" src=\"https:\/\/unidaddemedicinalaboral.com\/wp-content\/uploads\/2026\/08\/uml_ft99-1024x527.png\" class=\"attachment-large size-large wp-image-2729\" alt=\"\" srcset=\"https:\/\/unidaddemedicinalaboral.com\/wp-content\/uploads\/2026\/08\/uml_ft99-1024x527.png 1024w, https:\/\/unidaddemedicinalaboral.com\/wp-content\/uploads\/2026\/08\/uml_ft99-300x155.png 300w, https:\/\/unidaddemedicinalaboral.com\/wp-content\/uploads\/2026\/08\/uml_ft99-768x396.png 768w, https:\/\/unidaddemedicinalaboral.com\/wp-content\/uploads\/2026\/08\/uml_ft99-1536x791.png 1536w, https:\/\/unidaddemedicinalaboral.com\/wp-content\/uploads\/2026\/08\/uml_ft99.png 1800w\" sizes=\"(max-width: 960px) 100vw, 960px\" \/>\t\t\t\t\t\t\t\t\t\t\t\t\t\t\t<\/div>\n\t\t\t\t<\/div>\n\t\t\t\t\t<\/div>\n\t\t<\/div>\n\t\t\t\t\t<\/div>\n\t\t<\/section>\n\t\t\t\t<section class=\"elementor-section elementor-top-section elementor-element elementor-element-c674aab elementor-section-boxed elementor-section-height-default elementor-section-height-default wpr-particle-no wpr-jarallax-no wpr-parallax-no wpr-sticky-section-no wpr-column-slider-no wpr-equal-height-no\" data-id=\"c674aab\" data-element_type=\"section\" data-e-type=\"section\">\n\t\t\t\t\t\t<div class=\"elementor-container elementor-column-gap-wide\">\n\t\t\t\t\t<div class=\"elementor-column elementor-col-50 elementor-top-column elementor-element elementor-element-8ac65dd elementor-invisible\" data-id=\"8ac65dd\" data-element_type=\"column\" data-e-type=\"column\" data-settings=\"{&quot;animation&quot;:&quot;slideInLeft&quot;}\">\n\t\t\t<div class=\"elementor-widget-wrap elementor-element-populated\">\n\t\t\t\t\t\t<div class=\"elementor-element elementor-element-5f5d8d9 elementor-widget__width-initial elementor-widget elementor-widget-image\" data-id=\"5f5d8d9\" data-element_type=\"widget\" data-e-type=\"widget\" data-widget_type=\"image.default\">\n\t\t\t\t<div class=\"elementor-widget-container\">\n\t\t\t\t\t\t\t\t\t\t\t\t\t\t\t<img fetchpriority=\"high\" decoding=\"async\" width=\"960\" height=\"494\" src=\"https:\/\/unidaddemedicinalaboral.com\/wp-content\/uploads\/2026\/08\/uml_ft99-1024x527.png\" class=\"attachment-large size-large wp-image-2729\" alt=\"\" srcset=\"https:\/\/unidaddemedicinalaboral.com\/wp-content\/uploads\/2026\/08\/uml_ft99-1024x527.png 1024w, https:\/\/unidaddemedicinalaboral.com\/wp-content\/uploads\/2026\/08\/uml_ft99-300x155.png 300w, https:\/\/unidaddemedicinalaboral.com\/wp-content\/uploads\/2026\/08\/uml_ft99-768x396.png 768w, https:\/\/unidaddemedicinalaboral.com\/wp-content\/uploads\/2026\/08\/uml_ft99-1536x791.png 1536w, https:\/\/unidaddemedicinalaboral.com\/wp-content\/uploads\/2026\/08\/uml_ft99.png 1800w\" sizes=\"(max-width: 960px) 100vw, 960px\" \/>\t\t\t\t\t\t\t\t\t\t\t\t\t\t\t<\/div>\n\t\t\t\t<\/div>\n\t\t\t\t\t<\/div>\n\t\t<\/div>\n\t\t\t\t<div class=\"elementor-column elementor-col-50 elementor-top-column elementor-element elementor-element-e5e0807 elementor-invisible\" data-id=\"e5e0807\" data-element_type=\"column\" data-e-type=\"column\" data-settings=\"{&quot;animation&quot;:&quot;slideInRight&quot;}\">\n\t\t\t<div class=\"elementor-widget-wrap elementor-element-populated\">\n\t\t\t\t\t\t<div class=\"elementor-element elementor-element-7a137b7 elementor-widget elementor-widget-heading\" data-id=\"7a137b7\" data-element_type=\"widget\" data-e-type=\"widget\" data-widget_type=\"heading.default\">\n\t\t\t\t<div class=\"elementor-widget-container\">\n\t\t\t\t\t<h2 class=\"elementor-heading-title elementor-size-default\">Ex\u00e1menes m\u00e9dicos ocupacionales de egreso<\/h2>\t\t\t\t<\/div>\n\t\t\t\t<\/div>\n\t\t\t\t<div class=\"elementor-element elementor-element-553ca3c elementor-widget__width-initial elementor-widget elementor-widget-text-editor\" data-id=\"553ca3c\" data-element_type=\"widget\" data-e-type=\"widget\" data-widget_type=\"text-editor.default\">\n\t\t\t\t<div class=\"elementor-widget-container\">\n\t\t\t\t\t\t\t\t\t<p class=\"PDq2pG_selectionAnchorContainer\" data-start=\"3229\" data-end=\"3393\">Los ex\u00e1menes de egreso se realizan al finalizar la relaci\u00f3n laboral con el prop\u00f3sito de <strong data-start=\"3317\" data-end=\"3392\">valorar las condiciones de salud del trabajador al momento de su retiro<\/strong>.<\/p><p data-start=\"3395\" data-end=\"3602\">Esta evaluaci\u00f3n permite identificar el estado de salud en el momento de la terminaci\u00f3n del v\u00ednculo laboral y establecer si existen condiciones que requieran recomendaciones, seguimiento o atenci\u00f3n posterior.<\/p><p data-start=\"3604\" data-end=\"3836\">El examen de egreso tambi\u00e9n hace parte del proceso de cierre de la relaci\u00f3n laboral desde el punto de vista de Seguridad y Salud en el Trabajo, aportando informaci\u00f3n que puede ser relevante para el trabajador y para la organizaci\u00f3n.<\/p>\t\t\t\t\t\t\t\t<\/div>\n\t\t\t\t<\/div>\n\t\t\t\t\t<\/div>\n\t\t<\/div>\n\t\t\t\t\t<\/div>\n\t\t<\/section>\n\t\t\t\t<section class=\"elementor-section elementor-top-section elementor-element elementor-element-19c67aa elementor-section-boxed elementor-section-height-default elementor-section-height-default wpr-particle-no wpr-jarallax-no wpr-parallax-no wpr-sticky-section-no wpr-column-slider-no wpr-equal-height-no\" data-id=\"19c67aa\" data-element_type=\"section\" data-e-type=\"section\">\n\t\t\t\t\t\t<div class=\"elementor-container elementor-column-gap-wide\">\n\t\t\t\t\t<div class=\"elementor-column elementor-col-50 elementor-top-column elementor-element elementor-element-ab11e9c elementor-invisible\" data-id=\"ab11e9c\" data-element_type=\"column\" data-e-type=\"column\" data-settings=\"{&quot;animation&quot;:&quot;slideInLeft&quot;,&quot;animation_delay&quot;:100}\">\n\t\t\t<div class=\"elementor-widget-wrap elementor-element-populated\">\n\t\t\t\t\t\t<div class=\"elementor-element elementor-element-e513682 elementor-widget elementor-widget-heading\" data-id=\"e513682\" data-element_type=\"widget\" data-e-type=\"widget\" data-widget_type=\"heading.default\">\n\t\t\t\t<div class=\"elementor-widget-container\">\n\t\t\t\t\t<h2 class=\"elementor-heading-title elementor-size-default\">Ex\u00e1menes m\u00e9dicos posincapacidad<\/h2>\t\t\t\t<\/div>\n\t\t\t\t<\/div>\n\t\t\t\t<div class=\"elementor-element elementor-element-19686b1 elementor-widget elementor-widget-text-editor\" data-id=\"19686b1\" data-element_type=\"widget\" data-e-type=\"widget\" data-widget_type=\"text-editor.default\">\n\t\t\t\t<div class=\"elementor-widget-container\">\n\t\t\t\t\t\t\t\t\t<p class=\"PDq2pG_selectionAnchorContainer\" data-start=\"3879\" data-end=\"4126\">Los ex\u00e1menes posincapacidad est\u00e1n orientados a valorar las condiciones de salud del trabajador <strong data-start=\"3974\" data-end=\"4014\">despu\u00e9s de un periodo de incapacidad<\/strong>, con el objetivo de determinar si se encuentra en condiciones adecuadas para retomar sus actividades laborales.<\/p><p class=\"\" data-start=\"4128\" data-end=\"4326\">Durante la valoraci\u00f3n se pueden revisar las condiciones relacionadas con el motivo de la incapacidad y las posibles limitaciones o recomendaciones que deban tenerse en cuenta al momento del retorno.<\/p><p class=\"\" data-start=\"4328\" data-end=\"4584\">Este tipo de evaluaci\u00f3n permite brindar mayor seguridad durante el proceso de reincorporaci\u00f3n, facilitando que el trabajador retome sus funciones de acuerdo con sus condiciones de salud y que la empresa pueda implementar las medidas preventivas necesarias.<\/p>\t\t\t\t\t\t\t\t<\/div>\n\t\t\t\t<\/div>\n\t\t\t\t\t<\/div>\n\t\t<\/div>\n\t\t\t\t<div class=\"elementor-column elementor-col-50 elementor-top-column elementor-element elementor-element-4a9c1e7 elementor-invisible\" data-id=\"4a9c1e7\" data-element_type=\"column\" data-e-type=\"column\" data-settings=\"{&quot;animation&quot;:&quot;slideInRight&quot;,&quot;animation_delay&quot;:200}\">\n\t\t\t<div class=\"elementor-widget-wrap elementor-element-populated\">\n\t\t\t\t\t\t<div class=\"elementor-element elementor-element-4d9c4cc elementor-widget elementor-widget-image\" data-id=\"4d9c4cc\" data-element_type=\"widget\" data-e-type=\"widget\" data-widget_type=\"image.default\">\n\t\t\t\t<div class=\"elementor-widget-container\">\n\t\t\t\t\t\t\t\t\t\t\t\t\t\t\t<img fetchpriority=\"high\" decoding=\"async\" width=\"960\" height=\"494\" src=\"https:\/\/unidaddemedicinalaboral.com\/wp-content\/uploads\/2026\/08\/uml_ft99-1024x527.png\" class=\"attachment-large size-large wp-image-2729\" alt=\"\" srcset=\"https:\/\/unidaddemedicinalaboral.com\/wp-content\/uploads\/2026\/08\/uml_ft99-1024x527.png 1024w, https:\/\/unidaddemedicinalaboral.com\/wp-content\/uploads\/2026\/08\/uml_ft99-300x155.png 300w, https:\/\/unidaddemedicinalaboral.com\/wp-content\/uploads\/2026\/08\/uml_ft99-768x396.png 768w, https:\/\/unidaddemedicinalaboral.com\/wp-content\/uploads\/2026\/08\/uml_ft99-1536x791.png 1536w, https:\/\/unidaddemedicinalaboral.com\/wp-content\/uploads\/2026\/08\/uml_ft99.png 1800w\" sizes=\"(max-width: 960px) 100vw, 960px\" \/>\t\t\t\t\t\t\t\t\t\t\t\t\t\t\t<\/div>\n\t\t\t\t<\/div>\n\t\t\t\t\t<\/div>\n\t\t<\/div>\n\t\t\t\t\t<\/div>\n\t\t<\/section>\n\t\t\t\t<section class=\"elementor-section elementor-top-section elementor-element elementor-element-3882029 elementor-section-boxed elementor-section-height-default elementor-section-height-default wpr-particle-no wpr-jarallax-no wpr-parallax-no wpr-sticky-section-no wpr-column-slider-no wpr-equal-height-no\" data-id=\"3882029\" data-element_type=\"section\" data-e-type=\"section\">\n\t\t\t\t\t\t<div class=\"elementor-container elementor-column-gap-wide\">\n\t\t\t\t\t<div class=\"elementor-column elementor-col-50 elementor-top-column elementor-element elementor-element-6fe1e27 elementor-invisible\" data-id=\"6fe1e27\" data-element_type=\"column\" data-e-type=\"column\" data-settings=\"{&quot;animation&quot;:&quot;slideInLeft&quot;}\">\n\t\t\t<div class=\"elementor-widget-wrap elementor-element-populated\">\n\t\t\t\t\t\t<div class=\"elementor-element elementor-element-0ab7bb4 elementor-widget__width-initial elementor-widget elementor-widget-image\" data-id=\"0ab7bb4\" data-element_type=\"widget\" data-e-type=\"widget\" data-widget_type=\"image.default\">\n\t\t\t\t<div class=\"elementor-widget-container\">\n\t\t\t\t\t\t\t\t\t\t\t\t\t\t\t<img fetchpriority=\"high\" decoding=\"async\" width=\"960\" height=\"494\" src=\"https:\/\/unidaddemedicinalaboral.com\/wp-content\/uploads\/2026\/08\/uml_ft99-1024x527.png\" class=\"attachment-large size-large wp-image-2729\" alt=\"\" srcset=\"https:\/\/unidaddemedicinalaboral.com\/wp-content\/uploads\/2026\/08\/uml_ft99-1024x527.png 1024w, https:\/\/unidaddemedicinalaboral.com\/wp-content\/uploads\/2026\/08\/uml_ft99-300x155.png 300w, https:\/\/unidaddemedicinalaboral.com\/wp-content\/uploads\/2026\/08\/uml_ft99-768x396.png 768w, https:\/\/unidaddemedicinalaboral.com\/wp-content\/uploads\/2026\/08\/uml_ft99-1536x791.png 1536w, https:\/\/unidaddemedicinalaboral.com\/wp-content\/uploads\/2026\/08\/uml_ft99.png 1800w\" sizes=\"(max-width: 960px) 100vw, 960px\" \/>\t\t\t\t\t\t\t\t\t\t\t\t\t\t\t<\/div>\n\t\t\t\t<\/div>\n\t\t\t\t\t<\/div>\n\t\t<\/div>\n\t\t\t\t<div class=\"elementor-column elementor-col-50 elementor-top-column elementor-element elementor-element-5c140ee elementor-invisible\" data-id=\"5c140ee\" data-element_type=\"column\" data-e-type=\"column\" data-settings=\"{&quot;animation&quot;:&quot;slideInRight&quot;}\">\n\t\t\t<div class=\"elementor-widget-wrap elementor-element-populated\">\n\t\t\t\t\t\t<div class=\"elementor-element elementor-element-1a99015 elementor-widget elementor-widget-heading\" data-id=\"1a99015\" data-element_type=\"widget\" data-e-type=\"widget\" data-widget_type=\"heading.default\">\n\t\t\t\t<div class=\"elementor-widget-container\">\n\t\t\t\t\t<h2 class=\"elementor-heading-title elementor-size-default\">Ex\u00e1menes m\u00e9dicos de reintegro laboral<\/h2>\t\t\t\t<\/div>\n\t\t\t\t<\/div>\n\t\t\t\t<div class=\"elementor-element elementor-element-53e70d4 elementor-widget__width-initial elementor-widget elementor-widget-text-editor\" data-id=\"53e70d4\" data-element_type=\"widget\" data-e-type=\"widget\" data-widget_type=\"text-editor.default\">\n\t\t\t\t<div class=\"elementor-widget-container\">\n\t\t\t\t\t\t\t\t\t<p class=\"PDq2pG_selectionAnchorContainer\" data-start=\"4633\" data-end=\"4831\">La valoraci\u00f3n de reintegro laboral permite evaluar las condiciones de salud de un trabajador que retorna a sus actividades despu\u00e9s de una situaci\u00f3n que haya generado una interrupci\u00f3n de sus labores.<\/p><p data-start=\"4833\" data-end=\"5045\">El objetivo es establecer las condiciones actuales del trabajador frente a las exigencias de su cargo y determinar si requiere alg\u00fan tipo de recomendaci\u00f3n o ajuste para desarrollar sus funciones de manera segura.<\/p><p data-start=\"5047\" data-end=\"5291\">Esta evaluaci\u00f3n puede ser especialmente importante cuando, despu\u00e9s de una incapacidad o situaci\u00f3n de salud, es necesario analizar nuevamente la relaci\u00f3n entre las capacidades del trabajador y las condiciones espec\u00edficas de su puesto de trabajo.<\/p>\t\t\t\t\t\t\t\t<\/div>\n\t\t\t\t<\/div>\n\t\t\t\t\t<\/div>\n\t\t<\/div>\n\t\t\t\t\t<\/div>\n\t\t<\/section>\n\t\t\t\t<section class=\"elementor-section elementor-top-section elementor-element elementor-element-49d79e5 elementor-section-boxed elementor-section-height-default elementor-section-height-default wpr-particle-no wpr-jarallax-no wpr-parallax-no wpr-sticky-section-no wpr-column-slider-no wpr-equal-height-no\" data-id=\"49d79e5\" data-element_type=\"section\" data-e-type=\"section\">\n\t\t\t\t\t\t<div class=\"elementor-container elementor-column-gap-wide\">\n\t\t\t\t\t<div class=\"elementor-column elementor-col-50 elementor-top-column elementor-element elementor-element-07014bb elementor-invisible\" data-id=\"07014bb\" data-element_type=\"column\" data-e-type=\"column\" data-settings=\"{&quot;animation&quot;:&quot;slideInLeft&quot;,&quot;animation_delay&quot;:100}\">\n\t\t\t<div class=\"elementor-widget-wrap elementor-element-populated\">\n\t\t\t\t\t\t<div class=\"elementor-element elementor-element-69d7811 elementor-widget elementor-widget-heading\" data-id=\"69d7811\" data-element_type=\"widget\" data-e-type=\"widget\" data-widget_type=\"heading.default\">\n\t\t\t\t<div class=\"elementor-widget-container\">\n\t\t\t\t\t<h2 class=\"elementor-heading-title elementor-size-default\">Ex\u00e1menes por cambio de ocupaci\u00f3n<\/h2>\t\t\t\t<\/div>\n\t\t\t\t<\/div>\n\t\t\t\t<div class=\"elementor-element elementor-element-6f3cced elementor-widget elementor-widget-text-editor\" data-id=\"6f3cced\" data-element_type=\"widget\" data-e-type=\"widget\" data-widget_type=\"text-editor.default\">\n\t\t\t\t<div class=\"elementor-widget-container\">\n\t\t\t\t\t\t\t\t\t<p class=\"PDq2pG_selectionAnchorContainer\" data-start=\"5335\" data-end=\"5516\">Cuando un trabajador cambia de cargo, funciones o condiciones de trabajo, es importante evaluar nuevamente su estado de salud frente a los <strong data-start=\"5474\" data-end=\"5515\">nuevos riesgos y exigencias laborales<\/strong>.<\/p><p data-start=\"5518\" data-end=\"5725\">Los ex\u00e1menes por cambio de ocupaci\u00f3n permiten determinar si las condiciones de salud del trabajador son compatibles con las nuevas actividades que realizar\u00e1 y establecer recomendaciones cuando sea necesario.<\/p><p data-start=\"5727\" data-end=\"6047\">La valoraci\u00f3n tiene en cuenta aspectos como las funciones del nuevo cargo, las condiciones del puesto y los factores de riesgo a los que estar\u00e1 expuesto. De esta manera, la empresa puede acompa\u00f1ar el proceso de cambio de manera preventiva y promover una adecuada adaptaci\u00f3n del trabajador a sus nuevas responsabilidades.<\/p><p class=\"PDq2pG_selectionAnchorContainer\" data-start=\"2356\" data-end=\"2726\">mplementadas por la empresa.<\/p>\t\t\t\t\t\t\t\t<\/div>\n\t\t\t\t<\/div>\n\t\t\t\t\t<\/div>\n\t\t<\/div>\n\t\t\t\t<div class=\"elementor-column elementor-col-50 elementor-top-column elementor-element elementor-element-786b1b2 elementor-invisible\" data-id=\"786b1b2\" data-element_type=\"column\" data-e-type=\"column\" data-settings=\"{&quot;animation&quot;:&quot;slideInRight&quot;,&quot;animation_delay&quot;:200}\">\n\t\t\t<div class=\"elementor-widget-wrap elementor-element-populated\">\n\t\t\t\t\t\t<div class=\"elementor-element elementor-element-af4df43 elementor-widget elementor-widget-image\" data-id=\"af4df43\" data-element_type=\"widget\" data-e-type=\"widget\" data-widget_type=\"image.default\">\n\t\t\t\t<div class=\"elementor-widget-container\">\n\t\t\t\t\t\t\t\t\t\t\t\t\t\t\t<img fetchpriority=\"high\" decoding=\"async\" width=\"960\" height=\"494\" src=\"https:\/\/unidaddemedicinalaboral.com\/wp-content\/uploads\/2026\/08\/uml_ft99-1024x527.png\" class=\"attachment-large size-large wp-image-2729\" alt=\"\" srcset=\"https:\/\/unidaddemedicinalaboral.com\/wp-content\/uploads\/2026\/08\/uml_ft99-1024x527.png 1024w, https:\/\/unidaddemedicinalaboral.com\/wp-content\/uploads\/2026\/08\/uml_ft99-300x155.png 300w, https:\/\/unidaddemedicinalaboral.com\/wp-content\/uploads\/2026\/08\/uml_ft99-768x396.png 768w, https:\/\/unidaddemedicinalaboral.com\/wp-content\/uploads\/2026\/08\/uml_ft99-1536x791.png 1536w, https:\/\/unidaddemedicinalaboral.com\/wp-content\/uploads\/2026\/08\/uml_ft99.png 1800w\" sizes=\"(max-width: 960px) 100vw, 960px\" \/>\t\t\t\t\t\t\t\t\t\t\t\t\t\t\t<\/div>\n\t\t\t\t<\/div>\n\t\t\t\t\t<\/div>\n\t\t<\/div>\n\t\t\t\t\t<\/div>\n\t\t<\/section>\n\t\t\t\t<section class=\"elementor-section elementor-top-section elementor-element elementor-element-5324b8b elementor-section-boxed elementor-section-height-default elementor-section-height-default wpr-particle-no wpr-jarallax-no wpr-parallax-no wpr-sticky-section-no wpr-column-slider-no wpr-equal-height-no\" data-id=\"5324b8b\" data-element_type=\"section\" data-e-type=\"section\">\n\t\t\t\t\t\t<div class=\"elementor-container elementor-column-gap-wide\">\n\t\t\t\t\t<div class=\"elementor-column elementor-col-50 elementor-top-column elementor-element elementor-element-7a2f891 elementor-invisible\" data-id=\"7a2f891\" data-element_type=\"column\" data-e-type=\"column\" data-settings=\"{&quot;animation&quot;:&quot;slideInLeft&quot;}\">\n\t\t\t<div class=\"elementor-widget-wrap elementor-element-populated\">\n\t\t\t\t\t\t<div class=\"elementor-element elementor-element-898a335 elementor-widget__width-initial elementor-widget elementor-widget-image\" data-id=\"898a335\" data-element_type=\"widget\" data-e-type=\"widget\" data-widget_type=\"image.default\">\n\t\t\t\t<div class=\"elementor-widget-container\">\n\t\t\t\t\t\t\t\t\t\t\t\t\t\t\t<img fetchpriority=\"high\" decoding=\"async\" width=\"960\" height=\"494\" src=\"https:\/\/unidaddemedicinalaboral.com\/wp-content\/uploads\/2026\/08\/uml_ft99-1024x527.png\" class=\"attachment-large size-large wp-image-2729\" alt=\"\" srcset=\"https:\/\/unidaddemedicinalaboral.com\/wp-content\/uploads\/2026\/08\/uml_ft99-1024x527.png 1024w, https:\/\/unidaddemedicinalaboral.com\/wp-content\/uploads\/2026\/08\/uml_ft99-300x155.png 300w, https:\/\/unidaddemedicinalaboral.com\/wp-content\/uploads\/2026\/08\/uml_ft99-768x396.png 768w, https:\/\/unidaddemedicinalaboral.com\/wp-content\/uploads\/2026\/08\/uml_ft99-1536x791.png 1536w, https:\/\/unidaddemedicinalaboral.com\/wp-content\/uploads\/2026\/08\/uml_ft99.png 1800w\" sizes=\"(max-width: 960px) 100vw, 960px\" \/>\t\t\t\t\t\t\t\t\t\t\t\t\t\t\t<\/div>\n\t\t\t\t<\/div>\n\t\t\t\t\t<\/div>\n\t\t<\/div>\n\t\t\t\t<div class=\"elementor-column elementor-col-50 elementor-top-column elementor-element elementor-element-80113cb elementor-invisible\" data-id=\"80113cb\" data-element_type=\"column\" data-e-type=\"column\" data-settings=\"{&quot;animation&quot;:&quot;slideInRight&quot;}\">\n\t\t\t<div class=\"elementor-widget-wrap elementor-element-populated\">\n\t\t\t\t\t\t<div class=\"elementor-element elementor-element-497402e elementor-widget elementor-widget-heading\" data-id=\"497402e\" data-element_type=\"widget\" data-e-type=\"widget\" data-widget_type=\"heading.default\">\n\t\t\t\t<div class=\"elementor-widget-container\">\n\t\t\t\t\t<h2 class=\"elementor-heading-title elementor-size-default\">Valoraci\u00f3n de recomendaciones m\u00e9dico-laborales<\/h2>\t\t\t\t<\/div>\n\t\t\t\t<\/div>\n\t\t\t\t<div class=\"elementor-element elementor-element-ec386df elementor-widget__width-initial elementor-widget elementor-widget-text-editor\" data-id=\"ec386df\" data-element_type=\"widget\" data-e-type=\"widget\" data-widget_type=\"text-editor.default\">\n\t\t\t\t<div class=\"elementor-widget-container\">\n\t\t\t\t\t\t\t\t\t<p class=\"PDq2pG_selectionAnchorContainer\" data-start=\"6105\" data-end=\"6295\">La valoraci\u00f3n de recomendaciones m\u00e9dico-laborales permite analizar las indicaciones establecidas por profesionales de la salud y determinar c\u00f3mo pueden aplicarse dentro del contexto laboral.<\/p><p data-start=\"6297\" data-end=\"6576\">A partir de la evaluaci\u00f3n de las condiciones del trabajador y de las caracter\u00edsticas de su puesto, se pueden establecer orientaciones relacionadas con las actividades que realiza, las condiciones de trabajo, las medidas preventivas o las modificaciones que puedan ser necesarias.<\/p><p data-start=\"6578\" data-end=\"6813\">Este proceso facilita la comunicaci\u00f3n entre las condiciones de salud del trabajador y las necesidades de la organizaci\u00f3n, contribuyendo a que las recomendaciones sean comprendidas y gestionadas adecuadamente dentro del entorno laboral.<\/p>\t\t\t\t\t\t\t\t<\/div>\n\t\t\t\t<\/div>\n\t\t\t\t\t<\/div>\n\t\t<\/div>\n\t\t\t\t\t<\/div>\n\t\t<\/section>\n\t\t\t\t<section class=\"elementor-section elementor-top-section elementor-element elementor-element-f73d22e elementor-section-boxed elementor-section-height-default elementor-section-height-default wpr-particle-no wpr-jarallax-no wpr-parallax-no wpr-sticky-section-no wpr-column-slider-no wpr-equal-height-no\" data-id=\"f73d22e\" data-element_type=\"section\" data-e-type=\"section\">\n\t\t\t\t\t\t<div class=\"elementor-container elementor-column-gap-wide\">\n\t\t\t\t\t<div class=\"elementor-column elementor-col-50 elementor-top-column elementor-element elementor-element-11779d8 elementor-invisible\" data-id=\"11779d8\" data-element_type=\"column\" data-e-type=\"column\" data-settings=\"{&quot;animation&quot;:&quot;slideInLeft&quot;,&quot;animation_delay&quot;:100}\">\n\t\t\t<div class=\"elementor-widget-wrap elementor-element-populated\">\n\t\t\t\t\t\t<div class=\"elementor-element elementor-element-8c20bef elementor-widget elementor-widget-heading\" data-id=\"8c20bef\" data-element_type=\"widget\" data-e-type=\"widget\" data-widget_type=\"heading.default\">\n\t\t\t\t<div class=\"elementor-widget-container\">\n\t\t\t\t\t<h2 class=\"elementor-heading-title elementor-size-default\">Conceptos de aptitud laboral<\/h2>\t\t\t\t<\/div>\n\t\t\t\t<\/div>\n\t\t\t\t<div class=\"elementor-element elementor-element-38edf21 elementor-widget elementor-widget-text-editor\" data-id=\"38edf21\" data-element_type=\"widget\" data-e-type=\"widget\" data-widget_type=\"text-editor.default\">\n\t\t\t\t<div class=\"elementor-widget-container\">\n\t\t\t\t\t\t\t\t\t<p class=\"PDq2pG_selectionAnchorContainer\" data-start=\"6853\" data-end=\"7148\">Los conceptos de aptitud laboral permiten establecer, desde el punto de vista m\u00e9dico ocupacional, si un trabajador cuenta con las condiciones de salud necesarias para desempe\u00f1ar las funciones correspondientes a su cargo, teniendo en cuenta las caracter\u00edsticas y los riesgos asociados al trabajo.<\/p><p data-start=\"7150\" data-end=\"7449\">La valoraci\u00f3n considera la informaci\u00f3n obtenida durante el examen m\u00e9dico y los factores relacionados con las actividades que desarrolla o desarrollar\u00e1 el trabajador. Cuando corresponde, pueden establecerse recomendaciones o condiciones orientadas a proteger su salud y favorecer un desempe\u00f1o seguro.<\/p><p data-start=\"7451\" data-end=\"7717\">Estos conceptos constituyen una herramienta de apoyo para la gesti\u00f3n preventiva de las empresas, permitiendo tomar decisiones relacionadas con la salud ocupacional de los trabajadores de manera fundamentada y acorde con las caracter\u00edsticas de cada puesto de trabajo.<\/p>\t\t\t\t\t\t\t\t<\/div>\n\t\t\t\t<\/div>\n\t\t\t\t\t<\/div>\n\t\t<\/div>\n\t\t\t\t<div class=\"elementor-column elementor-col-50 elementor-top-column elementor-element elementor-element-c01ba10 elementor-invisible\" data-id=\"c01ba10\" data-element_type=\"column\" data-e-type=\"column\" data-settings=\"{&quot;animation&quot;:&quot;slideInRight&quot;,&quot;animation_delay&quot;:200}\">\n\t\t\t<div class=\"elementor-widget-wrap elementor-element-populated\">\n\t\t\t\t\t\t<div class=\"elementor-element elementor-element-7e87d9d elementor-widget elementor-widget-image\" data-id=\"7e87d9d\" data-element_type=\"widget\" data-e-type=\"widget\" data-widget_type=\"image.default\">\n\t\t\t\t<div class=\"elementor-widget-container\">\n\t\t\t\t\t\t\t\t\t\t\t\t\t\t\t<img fetchpriority=\"high\" decoding=\"async\" width=\"960\" height=\"494\" src=\"https:\/\/unidaddemedicinalaboral.com\/wp-content\/uploads\/2026\/08\/uml_ft99-1024x527.png\" class=\"attachment-large size-large wp-image-2729\" alt=\"\" srcset=\"https:\/\/unidaddemedicinalaboral.com\/wp-content\/uploads\/2026\/08\/uml_ft99-1024x527.png 1024w, https:\/\/unidaddemedicinalaboral.com\/wp-content\/uploads\/2026\/08\/uml_ft99-300x155.png 300w, https:\/\/unidaddemedicinalaboral.com\/wp-content\/uploads\/2026\/08\/uml_ft99-768x396.png 768w, https:\/\/unidaddemedicinalaboral.com\/wp-content\/uploads\/2026\/08\/uml_ft99-1536x791.png 1536w, https:\/\/unidaddemedicinalaboral.com\/wp-content\/uploads\/2026\/08\/uml_ft99.png 1800w\" sizes=\"(max-width: 960px) 100vw, 960px\" \/>\t\t\t\t\t\t\t\t\t\t\t\t\t\t\t<\/div>\n\t\t\t\t<\/div>\n\t\t\t\t\t<\/div>\n\t\t<\/div>\n\t\t\t\t\t<\/div>\n\t\t<\/section>\n\t\t\t\t<\/div>\n\t\t","protected":false},"excerpt":{"rendered":"<p>Ex\u00e1menes m\u00e9dicos ocupacionales Ex\u00e1menes m\u00e9dicos ocupacionales Estamos para ayudarte Los ex\u00e1menes m\u00e9dicos ocupacionales son una herramienta fundamental para proteger la salud de los trabajadores y prevenir enfermedades o alteraciones relacionadas con las condiciones de trabajo. A trav\u00e9s de estas evaluaciones es posible conocer el estado de salud del colaborador, identificar factores de riesgo, establecer recomendaciones y determinar si cuenta con las condiciones necesarias para desempe\u00f1ar las funciones propias de su cargo. Realizamos evaluaciones m\u00e9dicas ocupacionales de acuerdo con el cargo, los riesgos laborales, las condiciones de exposici\u00f3n y las necesidades particulares de cada empresa. Nuestro enfoque busca brindar informaci\u00f3n \u00fatil tanto para el trabajador como para la organizaci\u00f3n, contribuyendo a la prevenci\u00f3n, el seguimiento de las condiciones de salud y la toma de decisiones dentro del Sistema de Gesti\u00f3n de Seguridad y Salud en el Trabajo. Ex\u00e1menes m\u00e9dicos ocupacionales de ingreso Los ex\u00e1menes m\u00e9dicos de ingreso permiten conocer las condiciones de salud del trabajador antes de iniciar sus actividades laborales. Esta evaluaci\u00f3n busca establecer una l\u00ednea base que permita identificar condiciones de salud preexistentes y determinar si existen factores que puedan verse afectados por las funciones, tareas o riesgos asociados al cargo. La valoraci\u00f3n se realiza teniendo en cuenta las caracter\u00edsticas del puesto de trabajo y los riesgos a los que estar\u00e1 expuesto el trabajador. De esta manera, se puede orientar la vigilancia de su salud desde el inicio de la relaci\u00f3n laboral y establecer recomendaciones o medidas preventivas cuando sean necesarias. Adem\u00e1s de contribuir al cuidado del trabajador, este examen proporciona informaci\u00f3n importante para que la empresa pueda fortalecer sus estrategias de prevenci\u00f3n y seguimiento dentro del Sistema de Gesti\u00f3n de Seguridad y Salud en el Trabajo. Ex\u00e1menes m\u00e9dicos ocupacionales peri\u00f3dicos Los ex\u00e1menes peri\u00f3dicos permiten realizar un seguimiento al estado de salud de los trabajadores durante su permanencia en la empresa. Su objetivo es identificar oportunamente cambios o alteraciones que puedan estar relacionados con las condiciones de trabajo, la exposici\u00f3n a determinados riesgos o con la evoluci\u00f3n de condiciones de salud previamente identificadas. Estas evaluaciones permiten comparar la situaci\u00f3n actual del trabajador con sus antecedentes ocupacionales y m\u00e9dicos relevantes, facilitando la identificaci\u00f3n de posibles variaciones que requieran seguimiento, recomendaciones o intervenci\u00f3n. Los resultados tambi\u00e9n pueden aportar informaci\u00f3n para fortalecer las actividades de promoci\u00f3n y prevenci\u00f3n, los programas de vigilancia epidemiol\u00f3gica y las medidas de control implementadas por la empresa. Ex\u00e1menes m\u00e9dicos ocupacionales de egreso Los ex\u00e1menes de egreso se realizan al finalizar la relaci\u00f3n laboral con el prop\u00f3sito de valorar las condiciones de salud del trabajador al momento de su retiro. Esta evaluaci\u00f3n permite identificar el estado de salud en el momento de la terminaci\u00f3n del v\u00ednculo laboral y establecer si existen condiciones que requieran recomendaciones, seguimiento o atenci\u00f3n posterior. El examen de egreso tambi\u00e9n hace parte del proceso de cierre de la relaci\u00f3n laboral desde el punto de vista de Seguridad y Salud en el Trabajo, aportando informaci\u00f3n que puede ser relevante para el trabajador y para la organizaci\u00f3n. Ex\u00e1menes m\u00e9dicos posincapacidad Los ex\u00e1menes posincapacidad est\u00e1n orientados a valorar las condiciones de salud del trabajador despu\u00e9s de un periodo de incapacidad, con el objetivo de determinar si se encuentra en condiciones adecuadas para retomar sus actividades laborales. Durante la valoraci\u00f3n se pueden revisar las condiciones relacionadas con el motivo de la incapacidad y las posibles limitaciones o recomendaciones que deban tenerse en cuenta al momento del retorno. Este tipo de evaluaci\u00f3n permite brindar mayor seguridad durante el proceso de reincorporaci\u00f3n, facilitando que el trabajador retome sus funciones de acuerdo con sus condiciones de salud y que la empresa pueda implementar las medidas preventivas necesarias. Ex\u00e1menes m\u00e9dicos de reintegro laboral La valoraci\u00f3n de reintegro laboral permite evaluar las condiciones de salud de un trabajador que retorna a sus actividades despu\u00e9s de una situaci\u00f3n que haya generado una interrupci\u00f3n de sus labores. El objetivo es establecer las condiciones actuales del trabajador frente a las exigencias de su cargo y determinar si requiere alg\u00fan tipo de recomendaci\u00f3n o ajuste para desarrollar sus funciones de manera segura. Esta evaluaci\u00f3n puede ser especialmente importante cuando, despu\u00e9s de una incapacidad o situaci\u00f3n de salud, es necesario analizar nuevamente la relaci\u00f3n entre las capacidades del trabajador y las condiciones espec\u00edficas de su puesto de trabajo. Ex\u00e1menes por cambio de ocupaci\u00f3n Cuando un trabajador cambia de cargo, funciones o condiciones de trabajo, es importante evaluar nuevamente su estado de salud frente a los nuevos riesgos y exigencias laborales. Los ex\u00e1menes por cambio de ocupaci\u00f3n permiten determinar si las condiciones de salud del trabajador son compatibles con las nuevas actividades que realizar\u00e1 y establecer recomendaciones cuando sea necesario. La valoraci\u00f3n tiene en cuenta aspectos como las funciones del nuevo cargo, las condiciones del puesto y los factores de riesgo a los que estar\u00e1 expuesto. De esta manera, la empresa puede acompa\u00f1ar el proceso de cambio de manera preventiva y promover una adecuada adaptaci\u00f3n del trabajador a sus nuevas responsabilidades. mplementadas por la empresa. Valoraci\u00f3n de recomendaciones m\u00e9dico-laborales La valoraci\u00f3n de recomendaciones m\u00e9dico-laborales permite analizar las indicaciones establecidas por profesionales de la salud y determinar c\u00f3mo pueden aplicarse dentro del contexto laboral. A partir de la evaluaci\u00f3n de las condiciones del trabajador y de las caracter\u00edsticas de su puesto, se pueden establecer orientaciones relacionadas con las actividades que realiza, las condiciones de trabajo, las medidas preventivas o las modificaciones que puedan ser necesarias. Este proceso facilita la comunicaci\u00f3n entre las condiciones de salud del trabajador y las necesidades de la organizaci\u00f3n, contribuyendo a que las recomendaciones sean comprendidas y gestionadas adecuadamente dentro del entorno laboral. Conceptos de aptitud laboral Los conceptos de aptitud laboral permiten establecer, desde el punto de vista m\u00e9dico ocupacional, si un trabajador cuenta con las condiciones de salud necesarias para desempe\u00f1ar las funciones correspondientes a su cargo, teniendo en cuenta las caracter\u00edsticas y los riesgos asociados al trabajo. La valoraci\u00f3n considera la informaci\u00f3n obtenida durante el examen m\u00e9dico y los factores relacionados con las actividades que desarrolla o desarrollar\u00e1 el trabajador. Cuando corresponde, pueden establecerse recomendaciones o condiciones orientadas a proteger su salud<\/p>\n","protected":false},"author":1,"featured_media":0,"parent":0,"menu_order":0,"comment_status":"closed","ping_status":"closed","template":"elementor_canvas","meta":{"content-type":"","footnotes":""},"class_list":["post-138","page","type-page","status-publish","hentry"],"_links":{"self":[{"href":"https:\/\/unidaddemedicinalaboral.com\/index.php?rest_route=\/wp\/v2\/pages\/138","targetHints":{"allow":["GET"]}}],"collection":[{"href":"https:\/\/unidaddemedicinalaboral.com\/index.php?rest_route=\/wp\/v2\/pages"}],"about":[{"href":"https:\/\/unidaddemedicinalaboral.com\/index.php?rest_route=\/wp\/v2\/types\/page"}],"author":[{"embeddable":true,"href":"https:\/\/unidaddemedicinalaboral.com\/index.php?rest_route=\/wp\/v2\/users\/1"}],"replies":[{"embeddable":true,"href":"https:\/\/unidaddemedicinalaboral.com\/index.php?rest_route=%2Fwp%2Fv2%2Fcomments&post=138"}],"version-history":[{"count":89,"href":"https:\/\/unidaddemedicinalaboral.com\/index.php?rest_route=\/wp\/v2\/pages\/138\/revisions"}],"predecessor-version":[{"id":2899,"href":"https:\/\/unidaddemedicinalaboral.com\/index.php?rest_route=\/wp\/v2\/pages\/138\/revisions\/2899"}],"wp:attachment":[{"href":"https:\/\/unidaddemedicinalaboral.com\/index.php?rest_route=%2Fwp%2Fv2%2Fmedia&parent=138"}],"curies":[{"name":"wp","href":"https:\/\/api.w.org\/{rel}","templated":true}]}}