{"id":141,"date":"2022-05-17T14:59:53","date_gmt":"2022-05-17T14:59:53","guid":{"rendered":"https:\/\/demosites.royal-elementor-addons.com\/digital-marketing-agency-v1\/?page_id=141"},"modified":"2026-09-01T09:19:44","modified_gmt":"2026-09-01T14:19:44","slug":"evaluaciones-complementarias","status":"publish","type":"page","link":"https:\/\/unidaddemedicinalaboral.com\/?page_id=141","title":{"rendered":"Evaluaciones complementarias"},"content":{"rendered":"\t\t<div data-elementor-type=\"wp-page\" data-elementor-id=\"141\" class=\"elementor elementor-141\">\n\t\t\t\t\t\t<section class=\"elementor-section elementor-top-section elementor-element elementor-element-d63d28f elementor-section-height-min-height elementor-section-boxed elementor-section-height-default elementor-section-items-middle wpr-particle-no wpr-jarallax-no wpr-parallax-no wpr-sticky-section-no wpr-column-slider-no wpr-equal-height-no\" data-id=\"d63d28f\" data-element_type=\"section\" data-e-type=\"section\" data-settings=\"{&quot;background_background&quot;:&quot;classic&quot;}\">\n\t\t\t\t\t\t<div class=\"elementor-container elementor-column-gap-default\">\n\t\t\t\t\t<div class=\"elementor-column elementor-col-100 elementor-top-column elementor-element elementor-element-3bcdd4a\" data-id=\"3bcdd4a\" data-element_type=\"column\" data-e-type=\"column\">\n\t\t\t<div class=\"elementor-widget-wrap elementor-element-populated\">\n\t\t\t\t\t\t<div class=\"elementor-element elementor-element-e27d19d elementor-widget__width-initial elementor-widget-mobile__width-initial elementor-widget elementor-widget-heading\" data-id=\"e27d19d\" data-element_type=\"widget\" data-e-type=\"widget\" data-widget_type=\"heading.default\">\n\t\t\t\t<div class=\"elementor-widget-container\">\n\t\t\t\t\t<h2 class=\"elementor-heading-title elementor-size-default\">Evaluaciones \ncomplementarias<\/h2>\t\t\t\t<\/div>\n\t\t\t\t<\/div>\n\t\t\t\t\t<\/div>\n\t\t<\/div>\n\t\t\t\t\t<\/div>\n\t\t<\/section>\n\t\t\t\t<section class=\"elementor-section elementor-top-section elementor-element elementor-element-d663024 elementor-section-boxed elementor-section-height-default elementor-section-height-default wpr-particle-no wpr-jarallax-no wpr-parallax-no wpr-sticky-section-no wpr-column-slider-no wpr-equal-height-no elementor-invisible\" data-id=\"d663024\" data-element_type=\"section\" data-e-type=\"section\" data-settings=\"{&quot;animation&quot;:&quot;zoomIn&quot;}\">\n\t\t\t\t\t\t<div class=\"elementor-container elementor-column-gap-default\">\n\t\t\t\t\t<div class=\"elementor-column elementor-col-100 elementor-top-column elementor-element elementor-element-7ceb4ee\" data-id=\"7ceb4ee\" data-element_type=\"column\" data-e-type=\"column\">\n\t\t\t<div class=\"elementor-widget-wrap elementor-element-populated\">\n\t\t\t\t\t\t<div class=\"elementor-element elementor-element-def97ce elementor-widget elementor-widget-heading\" data-id=\"def97ce\" data-element_type=\"widget\" data-e-type=\"widget\" data-widget_type=\"heading.default\">\n\t\t\t\t<div class=\"elementor-widget-container\">\n\t\t\t\t\t<h2 class=\"elementor-heading-title elementor-size-default\">Evaluaciones complementarias<\/h2>\t\t\t\t<\/div>\n\t\t\t\t<\/div>\n\t\t\t\t<div class=\"elementor-element elementor-element-bded4a3 elementor-widget elementor-widget-heading\" data-id=\"bded4a3\" data-element_type=\"widget\" data-e-type=\"widget\" data-widget_type=\"heading.default\">\n\t\t\t\t<div class=\"elementor-widget-container\">\n\t\t\t\t\t<h2 class=\"elementor-heading-title elementor-size-default\">Estamos para ayudarte<\/h2>\t\t\t\t<\/div>\n\t\t\t\t<\/div>\n\t\t\t\t<section class=\"elementor-section elementor-inner-section elementor-element elementor-element-3fe87eb elementor-section-boxed elementor-section-height-default elementor-section-height-default wpr-particle-no wpr-jarallax-no wpr-parallax-no wpr-sticky-section-no wpr-column-slider-no wpr-equal-height-no\" data-id=\"3fe87eb\" data-element_type=\"section\" data-e-type=\"section\">\n\t\t\t\t\t\t<div class=\"elementor-container elementor-column-gap-default\">\n\t\t\t\t\t<div class=\"elementor-column elementor-col-50 elementor-inner-column elementor-element elementor-element-a075c84\" data-id=\"a075c84\" data-element_type=\"column\" data-e-type=\"column\">\n\t\t\t<div class=\"elementor-widget-wrap elementor-element-populated\">\n\t\t\t\t\t\t<div class=\"elementor-element elementor-element-eb3cc2e elementor-widget elementor-widget-text-editor\" data-id=\"eb3cc2e\" data-element_type=\"widget\" data-e-type=\"widget\" data-widget_type=\"text-editor.default\">\n\t\t\t\t<div class=\"elementor-widget-container\">\n\t\t\t\t\t\t\t\t\t<p>Las evaluaciones complementarias son una herramienta fundamental dentro del proceso de medicina ocupacional, ya que permiten <strong data-start=\"157\" data-end=\"289\">profundizar en la valoraci\u00f3n de condiciones espec\u00edficas de salud relacionadas con las caracter\u00edsticas y exigencias de cada cargo<\/strong>.<\/p><p>Estas pruebas se seleccionan de acuerdo con los factores de riesgo identificados, las actividades que desarrolla el trabajador, las condiciones de exposici\u00f3n y los criterios establecidos en el profesiograma de la empresa.<\/p>\t\t\t\t\t\t\t\t<\/div>\n\t\t\t\t<\/div>\n\t\t\t\t\t<\/div>\n\t\t<\/div>\n\t\t\t\t<div class=\"elementor-column elementor-col-50 elementor-inner-column elementor-element elementor-element-102376c\" data-id=\"102376c\" data-element_type=\"column\" data-e-type=\"column\">\n\t\t\t<div class=\"elementor-widget-wrap elementor-element-populated\">\n\t\t\t\t\t\t<div class=\"elementor-element elementor-element-04c9251 elementor-widget elementor-widget-text-editor\" data-id=\"04c9251\" data-element_type=\"widget\" data-e-type=\"widget\" data-widget_type=\"text-editor.default\">\n\t\t\t\t<div class=\"elementor-widget-container\">\n\t\t\t\t\t\t\t\t\t<p class=\"PDq2pG_selectionAnchorContainer\" data-start=\"292\" data-end=\"754\">Su aplicaci\u00f3n permite obtener informaci\u00f3n adicional para apoyar la valoraci\u00f3n m\u00e9dica, identificar posibles alteraciones de manera oportuna y establecer recomendaciones orientadas a la prevenci\u00f3n y al cuidado de la salud de los trabajadores.<\/p><p data-start=\"756\" data-end=\"868\">Contamos con diferentes evaluaciones complementarias que pueden integrarse a los ex\u00e1menes m\u00e9dicos ocupacionales:<\/p>\t\t\t\t\t\t\t\t<\/div>\n\t\t\t\t<\/div>\n\t\t\t\t\t<\/div>\n\t\t<\/div>\n\t\t\t\t\t<\/div>\n\t\t<\/section>\n\t\t\t\t\t<\/div>\n\t\t<\/div>\n\t\t\t\t\t<\/div>\n\t\t<\/section>\n\t\t\t\t<section class=\"elementor-section elementor-top-section elementor-element elementor-element-6ee06b7 elementor-section-boxed elementor-section-height-default elementor-section-height-default wpr-particle-no wpr-jarallax-no wpr-parallax-no wpr-sticky-section-no wpr-column-slider-no wpr-equal-height-no\" data-id=\"6ee06b7\" data-element_type=\"section\" data-e-type=\"section\">\n\t\t\t\t\t\t<div class=\"elementor-container elementor-column-gap-wide\">\n\t\t\t\t\t<div class=\"elementor-column elementor-col-50 elementor-top-column elementor-element elementor-element-ec733f2 elementor-invisible\" data-id=\"ec733f2\" data-element_type=\"column\" data-e-type=\"column\" data-settings=\"{&quot;animation&quot;:&quot;slideInLeft&quot;}\">\n\t\t\t<div class=\"elementor-widget-wrap elementor-element-populated\">\n\t\t\t\t\t\t<div class=\"elementor-element elementor-element-5a135db elementor-widget elementor-widget-image\" data-id=\"5a135db\" data-element_type=\"widget\" data-e-type=\"widget\" data-widget_type=\"image.default\">\n\t\t\t\t<div class=\"elementor-widget-container\">\n\t\t\t\t\t\t\t\t\t\t\t\t\t\t\t<img fetchpriority=\"high\" decoding=\"async\" width=\"960\" height=\"494\" src=\"https:\/\/unidaddemedicinalaboral.com\/wp-content\/uploads\/2026\/08\/uml_ft99-1024x527.png\" class=\"attachment-large size-large wp-image-2729\" alt=\"\" srcset=\"https:\/\/unidaddemedicinalaboral.com\/wp-content\/uploads\/2026\/08\/uml_ft99-1024x527.png 1024w, https:\/\/unidaddemedicinalaboral.com\/wp-content\/uploads\/2026\/08\/uml_ft99-300x155.png 300w, https:\/\/unidaddemedicinalaboral.com\/wp-content\/uploads\/2026\/08\/uml_ft99-768x396.png 768w, https:\/\/unidaddemedicinalaboral.com\/wp-content\/uploads\/2026\/08\/uml_ft99-1536x791.png 1536w, https:\/\/unidaddemedicinalaboral.com\/wp-content\/uploads\/2026\/08\/uml_ft99.png 1800w\" sizes=\"(max-width: 960px) 100vw, 960px\" \/>\t\t\t\t\t\t\t\t\t\t\t\t\t\t\t<\/div>\n\t\t\t\t<\/div>\n\t\t\t\t\t<\/div>\n\t\t<\/div>\n\t\t\t\t<div class=\"elementor-column elementor-col-50 elementor-top-column elementor-element elementor-element-e6721aa elementor-invisible\" data-id=\"e6721aa\" data-element_type=\"column\" data-e-type=\"column\" data-settings=\"{&quot;animation&quot;:&quot;slideInRight&quot;}\">\n\t\t\t<div class=\"elementor-widget-wrap elementor-element-populated\">\n\t\t\t\t\t\t<div class=\"elementor-element elementor-element-5d1937c elementor-widget elementor-widget-heading\" data-id=\"5d1937c\" data-element_type=\"widget\" data-e-type=\"widget\" data-widget_type=\"heading.default\">\n\t\t\t\t<div class=\"elementor-widget-container\">\n\t\t\t\t\t<h2 class=\"elementor-heading-title elementor-size-default\">Audiometr\u00eda<\/h2>\t\t\t\t<\/div>\n\t\t\t\t<\/div>\n\t\t\t\t<div class=\"elementor-element elementor-element-46696bf elementor-widget elementor-widget-text-editor\" data-id=\"46696bf\" data-element_type=\"widget\" data-e-type=\"widget\" data-widget_type=\"text-editor.default\">\n\t\t\t\t<div class=\"elementor-widget-container\">\n\t\t\t\t\t\t\t\t\t<p class=\"PDq2pG_selectionAnchorContainer\" data-start=\"891\" data-end=\"1229\">La audiometr\u00eda es una evaluaci\u00f3n que permite conocer la capacidad auditiva del trabajador y detectar posibles alteraciones en la audici\u00f3n. Es especialmente importante para colaboradores que desarrollan actividades con exposici\u00f3n a <strong data-start=\"1122\" data-end=\"1143\">ruido ocupacional<\/strong>, ya sea por maquinaria, herramientas, equipos, procesos industriales u otras fuentes.<\/p><p class=\"\" data-start=\"1231\" data-end=\"1553\">La realizaci\u00f3n peri\u00f3dica de esta prueba permite hacer seguimiento a la condici\u00f3n auditiva y detectar cambios que puedan requerir atenci\u00f3n o medidas preventivas. Sus resultados pueden contribuir al fortalecimiento de los programas de conservaci\u00f3n auditiva y a la implementaci\u00f3n de controles frente a la exposici\u00f3n al ruido.<\/p>\t\t\t\t\t\t\t\t<\/div>\n\t\t\t\t<\/div>\n\t\t\t\t\t<\/div>\n\t\t<\/div>\n\t\t\t\t\t<\/div>\n\t\t<\/section>\n\t\t\t\t<section class=\"elementor-section elementor-top-section elementor-element elementor-element-556a51b elementor-section-boxed elementor-section-height-default elementor-section-height-default wpr-particle-no wpr-jarallax-no wpr-parallax-no wpr-sticky-section-no wpr-column-slider-no wpr-equal-height-no\" data-id=\"556a51b\" data-element_type=\"section\" data-e-type=\"section\">\n\t\t\t\t\t\t<div class=\"elementor-container elementor-column-gap-wide\">\n\t\t\t\t\t<div class=\"elementor-column elementor-col-50 elementor-top-column elementor-element elementor-element-32e3911 elementor-invisible\" data-id=\"32e3911\" data-element_type=\"column\" data-e-type=\"column\" data-settings=\"{&quot;animation&quot;:&quot;slideInLeft&quot;,&quot;animation_delay&quot;:100}\">\n\t\t\t<div class=\"elementor-widget-wrap elementor-element-populated\">\n\t\t\t\t\t\t<div class=\"elementor-element elementor-element-ec11d11 elementor-widget elementor-widget-heading\" data-id=\"ec11d11\" data-element_type=\"widget\" data-e-type=\"widget\" data-widget_type=\"heading.default\">\n\t\t\t\t<div class=\"elementor-widget-container\">\n\t\t\t\t\t<h2 class=\"elementor-heading-title elementor-size-default\">Espirometr\u00eda<\/h2>\t\t\t\t<\/div>\n\t\t\t\t<\/div>\n\t\t\t\t<div class=\"elementor-element elementor-element-01e17db elementor-widget elementor-widget-text-editor\" data-id=\"01e17db\" data-element_type=\"widget\" data-e-type=\"widget\" data-widget_type=\"text-editor.default\">\n\t\t\t\t<div class=\"elementor-widget-container\">\n\t\t\t\t\t\t\t\t\t<p class=\"PDq2pG_selectionAnchorContainer\" data-start=\"1577\" data-end=\"1927\">La espirometr\u00eda permite evaluar el funcionamiento pulmonar mediante la medici\u00f3n de diferentes par\u00e1metros relacionados con la capacidad respiratoria. Es una prueba de especial utilidad para trabajadores expuestos a factores que pueden afectar el sistema respiratorio, como <strong data-start=\"1849\" data-end=\"1926\">polvos, humos, gases, vapores, sustancias qu\u00edmicas o material particulado<\/strong>.<\/p><p data-start=\"1929\" data-end=\"2283\">Esta evaluaci\u00f3n proporciona informaci\u00f3n sobre la funci\u00f3n pulmonar y puede apoyar la identificaci\u00f3n temprana de alteraciones respiratorias. Su aplicaci\u00f3n de acuerdo con el perfil de riesgo permite realizar un seguimiento adecuado de los trabajadores expuestos y fortalecer las estrategias de prevenci\u00f3n de enfermedades respiratorias de origen ocupacional.<\/p>\t\t\t\t\t\t\t\t<\/div>\n\t\t\t\t<\/div>\n\t\t\t\t\t<\/div>\n\t\t<\/div>\n\t\t\t\t<div class=\"elementor-column elementor-col-50 elementor-top-column elementor-element elementor-element-d589295 elementor-invisible\" data-id=\"d589295\" data-element_type=\"column\" data-e-type=\"column\" data-settings=\"{&quot;animation&quot;:&quot;slideInRight&quot;,&quot;animation_delay&quot;:200}\">\n\t\t\t<div class=\"elementor-widget-wrap elementor-element-populated\">\n\t\t\t\t\t\t<div class=\"elementor-element elementor-element-295a650 elementor-widget elementor-widget-image\" data-id=\"295a650\" data-element_type=\"widget\" data-e-type=\"widget\" data-widget_type=\"image.default\">\n\t\t\t\t<div class=\"elementor-widget-container\">\n\t\t\t\t\t\t\t\t\t\t\t\t\t\t\t<img fetchpriority=\"high\" decoding=\"async\" width=\"960\" height=\"494\" src=\"https:\/\/unidaddemedicinalaboral.com\/wp-content\/uploads\/2026\/08\/uml_ft99-1024x527.png\" class=\"attachment-large size-large wp-image-2729\" alt=\"\" srcset=\"https:\/\/unidaddemedicinalaboral.com\/wp-content\/uploads\/2026\/08\/uml_ft99-1024x527.png 1024w, https:\/\/unidaddemedicinalaboral.com\/wp-content\/uploads\/2026\/08\/uml_ft99-300x155.png 300w, https:\/\/unidaddemedicinalaboral.com\/wp-content\/uploads\/2026\/08\/uml_ft99-768x396.png 768w, https:\/\/unidaddemedicinalaboral.com\/wp-content\/uploads\/2026\/08\/uml_ft99-1536x791.png 1536w, https:\/\/unidaddemedicinalaboral.com\/wp-content\/uploads\/2026\/08\/uml_ft99.png 1800w\" sizes=\"(max-width: 960px) 100vw, 960px\" \/>\t\t\t\t\t\t\t\t\t\t\t\t\t\t\t<\/div>\n\t\t\t\t<\/div>\n\t\t\t\t\t<\/div>\n\t\t<\/div>\n\t\t\t\t\t<\/div>\n\t\t<\/section>\n\t\t\t\t<section class=\"elementor-section elementor-top-section elementor-element elementor-element-43c2701 elementor-section-boxed elementor-section-height-default elementor-section-height-default wpr-particle-no wpr-jarallax-no wpr-parallax-no wpr-sticky-section-no wpr-column-slider-no wpr-equal-height-no\" data-id=\"43c2701\" data-element_type=\"section\" data-e-type=\"section\">\n\t\t\t\t\t\t<div class=\"elementor-container elementor-column-gap-wide\">\n\t\t\t\t\t<div class=\"elementor-column elementor-col-50 elementor-top-column elementor-element elementor-element-ac24a4c elementor-invisible\" data-id=\"ac24a4c\" data-element_type=\"column\" data-e-type=\"column\" data-settings=\"{&quot;animation&quot;:&quot;slideInLeft&quot;}\">\n\t\t\t<div class=\"elementor-widget-wrap elementor-element-populated\">\n\t\t\t\t\t\t<div class=\"elementor-element elementor-element-b92c8e1 elementor-widget elementor-widget-image\" data-id=\"b92c8e1\" data-element_type=\"widget\" data-e-type=\"widget\" data-widget_type=\"image.default\">\n\t\t\t\t<div class=\"elementor-widget-container\">\n\t\t\t\t\t\t\t\t\t\t\t\t\t\t\t<img fetchpriority=\"high\" decoding=\"async\" width=\"960\" height=\"494\" src=\"https:\/\/unidaddemedicinalaboral.com\/wp-content\/uploads\/2026\/08\/uml_ft99-1024x527.png\" class=\"attachment-large size-large wp-image-2729\" alt=\"\" srcset=\"https:\/\/unidaddemedicinalaboral.com\/wp-content\/uploads\/2026\/08\/uml_ft99-1024x527.png 1024w, https:\/\/unidaddemedicinalaboral.com\/wp-content\/uploads\/2026\/08\/uml_ft99-300x155.png 300w, https:\/\/unidaddemedicinalaboral.com\/wp-content\/uploads\/2026\/08\/uml_ft99-768x396.png 768w, https:\/\/unidaddemedicinalaboral.com\/wp-content\/uploads\/2026\/08\/uml_ft99-1536x791.png 1536w, https:\/\/unidaddemedicinalaboral.com\/wp-content\/uploads\/2026\/08\/uml_ft99.png 1800w\" sizes=\"(max-width: 960px) 100vw, 960px\" \/>\t\t\t\t\t\t\t\t\t\t\t\t\t\t\t<\/div>\n\t\t\t\t<\/div>\n\t\t\t\t\t<\/div>\n\t\t<\/div>\n\t\t\t\t<div class=\"elementor-column elementor-col-50 elementor-top-column elementor-element elementor-element-ab5945a elementor-invisible\" data-id=\"ab5945a\" data-element_type=\"column\" data-e-type=\"column\" data-settings=\"{&quot;animation&quot;:&quot;slideInRight&quot;}\">\n\t\t\t<div class=\"elementor-widget-wrap elementor-element-populated\">\n\t\t\t\t\t\t<div class=\"elementor-element elementor-element-fac40ba elementor-widget elementor-widget-heading\" data-id=\"fac40ba\" data-element_type=\"widget\" data-e-type=\"widget\" data-widget_type=\"heading.default\">\n\t\t\t\t<div class=\"elementor-widget-container\">\n\t\t\t\t\t<h2 class=\"elementor-heading-title elementor-size-default\">Visiometr\u00eda<\/h2>\t\t\t\t<\/div>\n\t\t\t\t<\/div>\n\t\t\t\t<div class=\"elementor-element elementor-element-2d3fcc0 elementor-widget elementor-widget-text-editor\" data-id=\"2d3fcc0\" data-element_type=\"widget\" data-e-type=\"widget\" data-widget_type=\"text-editor.default\">\n\t\t\t\t<div class=\"elementor-widget-container\">\n\t\t\t\t\t\t\t\t\t<p class=\"PDq2pG_selectionAnchorContainer\" data-start=\"2306\" data-end=\"2509\">La visiometr\u00eda permite realizar una valoraci\u00f3n inicial de la capacidad visual del trabajador, identificando posibles dificultades relacionadas con la agudeza visual y otros aspectos b\u00e1sicos de la visi\u00f3n.<\/p><p data-start=\"2511\" data-end=\"2773\">Es una evaluaci\u00f3n especialmente relevante para cargos que requieren un uso constante de la visi\u00f3n, como actividades administrativas, conducci\u00f3n, operaci\u00f3n de maquinaria, inspecci\u00f3n, trabajos de precisi\u00f3n o labores que impliquen exposici\u00f3n prolongada a pantallas.<\/p><p data-start=\"2775\" data-end=\"2961\">Los resultados pueden servir como apoyo para identificar la necesidad de una valoraci\u00f3n visual m\u00e1s especializada y establecer recomendaciones relacionadas con las condiciones de trabajo.<\/p>\t\t\t\t\t\t\t\t<\/div>\n\t\t\t\t<\/div>\n\t\t\t\t\t<\/div>\n\t\t<\/div>\n\t\t\t\t\t<\/div>\n\t\t<\/section>\n\t\t\t\t<section class=\"elementor-section elementor-top-section elementor-element elementor-element-1f8862c elementor-section-boxed elementor-section-height-default elementor-section-height-default wpr-particle-no wpr-jarallax-no wpr-parallax-no wpr-sticky-section-no wpr-column-slider-no wpr-equal-height-no\" data-id=\"1f8862c\" data-element_type=\"section\" data-e-type=\"section\">\n\t\t\t\t\t\t<div class=\"elementor-container elementor-column-gap-wide\">\n\t\t\t\t\t<div class=\"elementor-column elementor-col-50 elementor-top-column elementor-element elementor-element-ee6e14a elementor-invisible\" data-id=\"ee6e14a\" data-element_type=\"column\" data-e-type=\"column\" data-settings=\"{&quot;animation&quot;:&quot;slideInLeft&quot;,&quot;animation_delay&quot;:100}\">\n\t\t\t<div class=\"elementor-widget-wrap elementor-element-populated\">\n\t\t\t\t\t\t<div class=\"elementor-element elementor-element-4786baf elementor-widget elementor-widget-heading\" data-id=\"4786baf\" data-element_type=\"widget\" data-e-type=\"widget\" data-widget_type=\"heading.default\">\n\t\t\t\t<div class=\"elementor-widget-container\">\n\t\t\t\t\t<h2 class=\"elementor-heading-title elementor-size-default\">Optometr\u00eda<\/h2>\t\t\t\t<\/div>\n\t\t\t\t<\/div>\n\t\t\t\t<div class=\"elementor-element elementor-element-6ed7673 elementor-widget elementor-widget-text-editor\" data-id=\"6ed7673\" data-element_type=\"widget\" data-e-type=\"widget\" data-widget_type=\"text-editor.default\">\n\t\t\t\t<div class=\"elementor-widget-container\">\n\t\t\t\t\t\t\t\t\t<p class=\"PDq2pG_selectionAnchorContainer\" data-start=\"2983\" data-end=\"3281\">La evaluaci\u00f3n de optometr\u00eda permite realizar una valoraci\u00f3n m\u00e1s completa de las condiciones visuales del trabajador. A diferencia de una prueba b\u00e1sica de tamizaje, esta evaluaci\u00f3n permite profundizar en aspectos relacionados con la <strong data-start=\"3215\" data-end=\"3280\">salud visual y las necesidades espec\u00edficas de cada trabajador<\/strong>.<\/p><p data-start=\"3283\" data-end=\"3620\">Puede ser indicada para cargos en los que la visi\u00f3n constituye un elemento fundamental para realizar las actividades de manera segura y eficiente. Tambi\u00e9n permite orientar al trabajador frente a posibles necesidades de correcci\u00f3n visual y contribuir a la prevenci\u00f3n de molestias asociadas a las exigencias visuales del puesto de trabajo.<\/p>\t\t\t\t\t\t\t\t<\/div>\n\t\t\t\t<\/div>\n\t\t\t\t\t<\/div>\n\t\t<\/div>\n\t\t\t\t<div class=\"elementor-column elementor-col-50 elementor-top-column elementor-element elementor-element-aa1a0f6 elementor-invisible\" data-id=\"aa1a0f6\" data-element_type=\"column\" data-e-type=\"column\" data-settings=\"{&quot;animation&quot;:&quot;slideInRight&quot;,&quot;animation_delay&quot;:200}\">\n\t\t\t<div class=\"elementor-widget-wrap elementor-element-populated\">\n\t\t\t\t\t\t<div class=\"elementor-element elementor-element-131b2d4 elementor-widget elementor-widget-image\" data-id=\"131b2d4\" data-element_type=\"widget\" data-e-type=\"widget\" data-widget_type=\"image.default\">\n\t\t\t\t<div class=\"elementor-widget-container\">\n\t\t\t\t\t\t\t\t\t\t\t\t\t\t\t<img fetchpriority=\"high\" decoding=\"async\" width=\"960\" height=\"494\" src=\"https:\/\/unidaddemedicinalaboral.com\/wp-content\/uploads\/2026\/08\/uml_ft99-1024x527.png\" class=\"attachment-large size-large wp-image-2729\" alt=\"\" srcset=\"https:\/\/unidaddemedicinalaboral.com\/wp-content\/uploads\/2026\/08\/uml_ft99-1024x527.png 1024w, https:\/\/unidaddemedicinalaboral.com\/wp-content\/uploads\/2026\/08\/uml_ft99-300x155.png 300w, https:\/\/unidaddemedicinalaboral.com\/wp-content\/uploads\/2026\/08\/uml_ft99-768x396.png 768w, https:\/\/unidaddemedicinalaboral.com\/wp-content\/uploads\/2026\/08\/uml_ft99-1536x791.png 1536w, https:\/\/unidaddemedicinalaboral.com\/wp-content\/uploads\/2026\/08\/uml_ft99.png 1800w\" sizes=\"(max-width: 960px) 100vw, 960px\" \/>\t\t\t\t\t\t\t\t\t\t\t\t\t\t\t<\/div>\n\t\t\t\t<\/div>\n\t\t\t\t\t<\/div>\n\t\t<\/div>\n\t\t\t\t\t<\/div>\n\t\t<\/section>\n\t\t\t\t<section class=\"elementor-section elementor-top-section elementor-element elementor-element-18eb285 elementor-section-boxed elementor-section-height-default elementor-section-height-default wpr-particle-no wpr-jarallax-no wpr-parallax-no wpr-sticky-section-no wpr-column-slider-no wpr-equal-height-no\" data-id=\"18eb285\" data-element_type=\"section\" data-e-type=\"section\">\n\t\t\t\t\t\t<div class=\"elementor-container elementor-column-gap-wide\">\n\t\t\t\t\t<div class=\"elementor-column elementor-col-50 elementor-top-column elementor-element elementor-element-28aec09 elementor-invisible\" data-id=\"28aec09\" data-element_type=\"column\" data-e-type=\"column\" data-settings=\"{&quot;animation&quot;:&quot;slideInLeft&quot;}\">\n\t\t\t<div class=\"elementor-widget-wrap elementor-element-populated\">\n\t\t\t\t\t\t<div class=\"elementor-element elementor-element-388bf6d elementor-widget elementor-widget-image\" data-id=\"388bf6d\" data-element_type=\"widget\" data-e-type=\"widget\" data-widget_type=\"image.default\">\n\t\t\t\t<div class=\"elementor-widget-container\">\n\t\t\t\t\t\t\t\t\t\t\t\t\t\t\t<img fetchpriority=\"high\" decoding=\"async\" width=\"960\" height=\"494\" src=\"https:\/\/unidaddemedicinalaboral.com\/wp-content\/uploads\/2026\/08\/uml_ft99-1024x527.png\" class=\"attachment-large size-large wp-image-2729\" alt=\"\" srcset=\"https:\/\/unidaddemedicinalaboral.com\/wp-content\/uploads\/2026\/08\/uml_ft99-1024x527.png 1024w, https:\/\/unidaddemedicinalaboral.com\/wp-content\/uploads\/2026\/08\/uml_ft99-300x155.png 300w, https:\/\/unidaddemedicinalaboral.com\/wp-content\/uploads\/2026\/08\/uml_ft99-768x396.png 768w, https:\/\/unidaddemedicinalaboral.com\/wp-content\/uploads\/2026\/08\/uml_ft99-1536x791.png 1536w, https:\/\/unidaddemedicinalaboral.com\/wp-content\/uploads\/2026\/08\/uml_ft99.png 1800w\" sizes=\"(max-width: 960px) 100vw, 960px\" \/>\t\t\t\t\t\t\t\t\t\t\t\t\t\t\t<\/div>\n\t\t\t\t<\/div>\n\t\t\t\t\t<\/div>\n\t\t<\/div>\n\t\t\t\t<div class=\"elementor-column elementor-col-50 elementor-top-column elementor-element elementor-element-38492a5 elementor-invisible\" data-id=\"38492a5\" data-element_type=\"column\" data-e-type=\"column\" data-settings=\"{&quot;animation&quot;:&quot;slideInRight&quot;}\">\n\t\t\t<div class=\"elementor-widget-wrap elementor-element-populated\">\n\t\t\t\t\t\t<div class=\"elementor-element elementor-element-90c80c1 elementor-widget elementor-widget-heading\" data-id=\"90c80c1\" data-element_type=\"widget\" data-e-type=\"widget\" data-widget_type=\"heading.default\">\n\t\t\t\t<div class=\"elementor-widget-container\">\n\t\t\t\t\t<h2 class=\"elementor-heading-title elementor-size-default\">Evaluaciones osteomusculares<\/h2>\t\t\t\t<\/div>\n\t\t\t\t<\/div>\n\t\t\t\t<div class=\"elementor-element elementor-element-0ab8b72 elementor-widget elementor-widget-text-editor\" data-id=\"0ab8b72\" data-element_type=\"widget\" data-e-type=\"widget\" data-widget_type=\"text-editor.default\">\n\t\t\t\t<div class=\"elementor-widget-container\">\n\t\t\t\t\t\t\t\t\t<p class=\"PDq2pG_selectionAnchorContainer\" data-start=\"3660\" data-end=\"3860\">Las evaluaciones osteomusculares est\u00e1n orientadas a valorar las condiciones relacionadas con el sistema musculoesquel\u00e9tico, teniendo en cuenta las exigencias f\u00edsicas propias de cada actividad laboral.<\/p><p data-start=\"3862\" data-end=\"4108\">Son especialmente importantes en trabajadores que realizan <strong data-start=\"3921\" data-end=\"4107\">levantamiento y manipulaci\u00f3n de cargas, movimientos repetitivos, posturas prolongadas, esfuerzos f\u00edsicos, desplazamientos frecuentes o actividades que impliquen exigencia biomec\u00e1nica<\/strong>.<\/p><p data-start=\"4110\" data-end=\"4349\">Estas evaluaciones permiten identificar posibles molestias, limitaciones o factores que puedan requerir seguimiento, as\u00ed como orientar recomendaciones preventivas relacionadas con las condiciones de trabajo y el cuidado musculoesquel\u00e9tico.<\/p>\t\t\t\t\t\t\t\t<\/div>\n\t\t\t\t<\/div>\n\t\t\t\t\t<\/div>\n\t\t<\/div>\n\t\t\t\t\t<\/div>\n\t\t<\/section>\n\t\t\t\t<section class=\"elementor-section elementor-top-section elementor-element elementor-element-df49348 elementor-section-boxed elementor-section-height-default elementor-section-height-default wpr-particle-no wpr-jarallax-no wpr-parallax-no wpr-sticky-section-no wpr-column-slider-no wpr-equal-height-no\" data-id=\"df49348\" data-element_type=\"section\" data-e-type=\"section\">\n\t\t\t\t\t\t<div class=\"elementor-container elementor-column-gap-wide\">\n\t\t\t\t\t<div class=\"elementor-column elementor-col-50 elementor-top-column elementor-element elementor-element-7e70ff9 elementor-invisible\" data-id=\"7e70ff9\" data-element_type=\"column\" data-e-type=\"column\" data-settings=\"{&quot;animation&quot;:&quot;slideInLeft&quot;,&quot;animation_delay&quot;:100}\">\n\t\t\t<div class=\"elementor-widget-wrap elementor-element-populated\">\n\t\t\t\t\t\t<div class=\"elementor-element elementor-element-5aa59d7 elementor-widget elementor-widget-heading\" data-id=\"5aa59d7\" data-element_type=\"widget\" data-e-type=\"widget\" data-widget_type=\"heading.default\">\n\t\t\t\t<div class=\"elementor-widget-container\">\n\t\t\t\t\t<h2 class=\"elementor-heading-title elementor-size-default\">Evaluaciones respiratorias<\/h2>\t\t\t\t<\/div>\n\t\t\t\t<\/div>\n\t\t\t\t<div class=\"elementor-element elementor-element-59d4d93 elementor-widget elementor-widget-text-editor\" data-id=\"59d4d93\" data-element_type=\"widget\" data-e-type=\"widget\" data-widget_type=\"text-editor.default\">\n\t\t\t\t<div class=\"elementor-widget-container\">\n\t\t\t\t\t\t\t\t\t<p class=\"PDq2pG_selectionAnchorContainer\" data-start=\"4387\" data-end=\"4599\">Las evaluaciones respiratorias permiten valorar las condiciones del sistema respiratorio en trabajadores que, por las caracter\u00edsticas de su actividad, pueden encontrarse expuestos a diferentes factores de riesgo.<\/p><p data-start=\"4601\" data-end=\"4853\">Dependiendo del cargo y del perfil de exposici\u00f3n, estas valoraciones pueden enfocarse en trabajadores que tienen contacto con <strong data-start=\"4727\" data-end=\"4852\">polvos, humos, vapores, gases, sustancias qu\u00edmicas, material particulado u otros agentes presentes en el ambiente laboral<\/strong>.<\/p><p data-start=\"4855\" data-end=\"5043\">La informaci\u00f3n obtenida permite apoyar la vigilancia de la salud respiratoria y contribuir a la identificaci\u00f3n temprana de posibles cambios que requieran seguimiento o medidas preventivas.<\/p>\t\t\t\t\t\t\t\t<\/div>\n\t\t\t\t<\/div>\n\t\t\t\t\t<\/div>\n\t\t<\/div>\n\t\t\t\t<div class=\"elementor-column elementor-col-50 elementor-top-column elementor-element elementor-element-b2a141d elementor-invisible\" data-id=\"b2a141d\" data-element_type=\"column\" data-e-type=\"column\" data-settings=\"{&quot;animation&quot;:&quot;slideInRight&quot;,&quot;animation_delay&quot;:200}\">\n\t\t\t<div class=\"elementor-widget-wrap elementor-element-populated\">\n\t\t\t\t\t\t<div class=\"elementor-element elementor-element-7d0ec1c elementor-widget elementor-widget-image\" data-id=\"7d0ec1c\" data-element_type=\"widget\" data-e-type=\"widget\" data-widget_type=\"image.default\">\n\t\t\t\t<div class=\"elementor-widget-container\">\n\t\t\t\t\t\t\t\t\t\t\t\t\t\t\t<img fetchpriority=\"high\" decoding=\"async\" width=\"960\" height=\"494\" src=\"https:\/\/unidaddemedicinalaboral.com\/wp-content\/uploads\/2026\/08\/uml_ft99-1024x527.png\" class=\"attachment-large size-large wp-image-2729\" alt=\"\" srcset=\"https:\/\/unidaddemedicinalaboral.com\/wp-content\/uploads\/2026\/08\/uml_ft99-1024x527.png 1024w, https:\/\/unidaddemedicinalaboral.com\/wp-content\/uploads\/2026\/08\/uml_ft99-300x155.png 300w, https:\/\/unidaddemedicinalaboral.com\/wp-content\/uploads\/2026\/08\/uml_ft99-768x396.png 768w, https:\/\/unidaddemedicinalaboral.com\/wp-content\/uploads\/2026\/08\/uml_ft99-1536x791.png 1536w, https:\/\/unidaddemedicinalaboral.com\/wp-content\/uploads\/2026\/08\/uml_ft99.png 1800w\" sizes=\"(max-width: 960px) 100vw, 960px\" \/>\t\t\t\t\t\t\t\t\t\t\t\t\t\t\t<\/div>\n\t\t\t\t<\/div>\n\t\t\t\t\t<\/div>\n\t\t<\/div>\n\t\t\t\t\t<\/div>\n\t\t<\/section>\n\t\t\t\t<section class=\"elementor-section elementor-top-section elementor-element elementor-element-012c555 elementor-section-boxed elementor-section-height-default elementor-section-height-default wpr-particle-no wpr-jarallax-no wpr-parallax-no wpr-sticky-section-no wpr-column-slider-no wpr-equal-height-no\" data-id=\"012c555\" data-element_type=\"section\" data-e-type=\"section\">\n\t\t\t\t\t\t<div class=\"elementor-container elementor-column-gap-wide\">\n\t\t\t\t\t<div class=\"elementor-column elementor-col-50 elementor-top-column elementor-element elementor-element-0cc2685 elementor-invisible\" data-id=\"0cc2685\" data-element_type=\"column\" data-e-type=\"column\" data-settings=\"{&quot;animation&quot;:&quot;slideInLeft&quot;}\">\n\t\t\t<div class=\"elementor-widget-wrap elementor-element-populated\">\n\t\t\t\t\t\t<div class=\"elementor-element elementor-element-3896760 elementor-widget elementor-widget-image\" data-id=\"3896760\" data-element_type=\"widget\" data-e-type=\"widget\" data-widget_type=\"image.default\">\n\t\t\t\t<div class=\"elementor-widget-container\">\n\t\t\t\t\t\t\t\t\t\t\t\t\t\t\t<img fetchpriority=\"high\" decoding=\"async\" width=\"960\" height=\"494\" src=\"https:\/\/unidaddemedicinalaboral.com\/wp-content\/uploads\/2026\/08\/uml_ft99-1024x527.png\" class=\"attachment-large size-large wp-image-2729\" alt=\"\" srcset=\"https:\/\/unidaddemedicinalaboral.com\/wp-content\/uploads\/2026\/08\/uml_ft99-1024x527.png 1024w, https:\/\/unidaddemedicinalaboral.com\/wp-content\/uploads\/2026\/08\/uml_ft99-300x155.png 300w, https:\/\/unidaddemedicinalaboral.com\/wp-content\/uploads\/2026\/08\/uml_ft99-768x396.png 768w, https:\/\/unidaddemedicinalaboral.com\/wp-content\/uploads\/2026\/08\/uml_ft99-1536x791.png 1536w, https:\/\/unidaddemedicinalaboral.com\/wp-content\/uploads\/2026\/08\/uml_ft99.png 1800w\" sizes=\"(max-width: 960px) 100vw, 960px\" \/>\t\t\t\t\t\t\t\t\t\t\t\t\t\t\t<\/div>\n\t\t\t\t<\/div>\n\t\t\t\t\t<\/div>\n\t\t<\/div>\n\t\t\t\t<div class=\"elementor-column elementor-col-50 elementor-top-column elementor-element elementor-element-5a3892b elementor-invisible\" data-id=\"5a3892b\" data-element_type=\"column\" data-e-type=\"column\" data-settings=\"{&quot;animation&quot;:&quot;slideInRight&quot;}\">\n\t\t\t<div class=\"elementor-widget-wrap elementor-element-populated\">\n\t\t\t\t\t\t<div class=\"elementor-element elementor-element-232cd62 elementor-widget elementor-widget-heading\" data-id=\"232cd62\" data-element_type=\"widget\" data-e-type=\"widget\" data-widget_type=\"heading.default\">\n\t\t\t\t<div class=\"elementor-widget-container\">\n\t\t\t\t\t<h2 class=\"elementor-heading-title elementor-size-default\">Evaluaciones cardiovasculares<\/h2>\t\t\t\t<\/div>\n\t\t\t\t<\/div>\n\t\t\t\t<div class=\"elementor-element elementor-element-31d947c elementor-widget elementor-widget-text-editor\" data-id=\"31d947c\" data-element_type=\"widget\" data-e-type=\"widget\" data-widget_type=\"text-editor.default\">\n\t\t\t\t<div class=\"elementor-widget-container\">\n\t\t\t\t\t\t\t\t\t<p class=\"PDq2pG_selectionAnchorContainer\" data-start=\"5084\" data-end=\"5368\">Las evaluaciones cardiovasculares permiten valorar aspectos relacionados con la salud del sistema cardiovascular, especialmente cuando las caracter\u00edsticas del cargo requieren un mayor nivel de exigencia f\u00edsica o existen factores de riesgo que hacen pertinente este tipo de valoraci\u00f3n.<\/p><p data-start=\"5370\" data-end=\"5622\">Estas evaluaciones pueden ser de utilidad para trabajadores que realizan actividades de esfuerzo, trabajos f\u00edsicamente exigentes o labores en determinadas condiciones ambientales, siempre de acuerdo con los criterios m\u00e9dicos y ocupacionales aplicables.<\/p><p data-start=\"5624\" data-end=\"5794\">La informaci\u00f3n obtenida sirve como apoyo para la valoraci\u00f3n integral del trabajador y para identificar situaciones que puedan requerir una evaluaci\u00f3n m\u00e9dica m\u00e1s profunda.<\/p>\t\t\t\t\t\t\t\t<\/div>\n\t\t\t\t<\/div>\n\t\t\t\t\t<\/div>\n\t\t<\/div>\n\t\t\t\t\t<\/div>\n\t\t<\/section>\n\t\t\t\t<section class=\"elementor-section elementor-top-section elementor-element elementor-element-7c33cbe elementor-section-boxed elementor-section-height-default elementor-section-height-default wpr-particle-no wpr-jarallax-no wpr-parallax-no wpr-sticky-section-no wpr-column-slider-no wpr-equal-height-no\" data-id=\"7c33cbe\" data-element_type=\"section\" data-e-type=\"section\">\n\t\t\t\t\t\t<div class=\"elementor-container elementor-column-gap-wide\">\n\t\t\t\t\t<div class=\"elementor-column elementor-col-50 elementor-top-column elementor-element elementor-element-f2c22ce elementor-invisible\" data-id=\"f2c22ce\" data-element_type=\"column\" data-e-type=\"column\" data-settings=\"{&quot;animation&quot;:&quot;slideInLeft&quot;,&quot;animation_delay&quot;:100}\">\n\t\t\t<div class=\"elementor-widget-wrap elementor-element-populated\">\n\t\t\t\t\t\t<div class=\"elementor-element elementor-element-89f6c33 elementor-widget elementor-widget-heading\" data-id=\"89f6c33\" data-element_type=\"widget\" data-e-type=\"widget\" data-widget_type=\"heading.default\">\n\t\t\t\t<div class=\"elementor-widget-container\">\n\t\t\t\t\t<h2 class=\"elementor-heading-title elementor-size-default\">Pruebas complementarias seg\u00fan profesiograma<\/h2>\t\t\t\t<\/div>\n\t\t\t\t<\/div>\n\t\t\t\t<div class=\"elementor-element elementor-element-f923b88 elementor-widget elementor-widget-text-editor\" data-id=\"f923b88\" data-element_type=\"widget\" data-e-type=\"widget\" data-widget_type=\"text-editor.default\">\n\t\t\t\t<div class=\"elementor-widget-container\">\n\t\t\t\t\t\t\t\t\t<p class=\"PDq2pG_selectionAnchorContainer\" data-start=\"5849\" data-end=\"6027\">Cada cargo presenta unas condiciones, responsabilidades y factores de riesgo particulares. Por esta raz\u00f3n, no todos los trabajadores necesitan las mismas pruebas complementarias.<\/p><p class=\"\" data-start=\"6029\" data-end=\"6328\">Las evaluaciones se pueden definir de acuerdo con el <strong data-start=\"6082\" data-end=\"6113\">profesiograma de la empresa<\/strong>, considerando aspectos como las funciones del cargo, exposici\u00f3n a riesgos f\u00edsicos, qu\u00edmicos, biol\u00f3gicos, biomec\u00e1nicos o de seguridad, exigencias visuales y auditivas, esfuerzo f\u00edsico y dem\u00e1s condiciones relevantes.<\/p><p data-start=\"6330\" data-end=\"6616\">De esta manera, se seleccionan las pruebas que realmente aportan informaci\u00f3n al proceso de valoraci\u00f3n m\u00e9dica ocupacional, evitando evaluaciones innecesarias y permitiendo que el seguimiento de la salud de los trabajadores responda a las caracter\u00edsticas reales de cada puesto de trabajo.<\/p>\t\t\t\t\t\t\t\t<\/div>\n\t\t\t\t<\/div>\n\t\t\t\t\t<\/div>\n\t\t<\/div>\n\t\t\t\t<div class=\"elementor-column elementor-col-50 elementor-top-column elementor-element elementor-element-d7a2678 elementor-invisible\" data-id=\"d7a2678\" data-element_type=\"column\" data-e-type=\"column\" data-settings=\"{&quot;animation&quot;:&quot;slideInRight&quot;,&quot;animation_delay&quot;:200}\">\n\t\t\t<div class=\"elementor-widget-wrap elementor-element-populated\">\n\t\t\t\t\t\t<div class=\"elementor-element elementor-element-9c707ba elementor-widget elementor-widget-image\" data-id=\"9c707ba\" data-element_type=\"widget\" data-e-type=\"widget\" data-widget_type=\"image.default\">\n\t\t\t\t<div class=\"elementor-widget-container\">\n\t\t\t\t\t\t\t\t\t\t\t\t\t\t\t<img fetchpriority=\"high\" decoding=\"async\" width=\"960\" height=\"494\" src=\"https:\/\/unidaddemedicinalaboral.com\/wp-content\/uploads\/2026\/08\/uml_ft99-1024x527.png\" class=\"attachment-large size-large wp-image-2729\" alt=\"\" srcset=\"https:\/\/unidaddemedicinalaboral.com\/wp-content\/uploads\/2026\/08\/uml_ft99-1024x527.png 1024w, https:\/\/unidaddemedicinalaboral.com\/wp-content\/uploads\/2026\/08\/uml_ft99-300x155.png 300w, https:\/\/unidaddemedicinalaboral.com\/wp-content\/uploads\/2026\/08\/uml_ft99-768x396.png 768w, https:\/\/unidaddemedicinalaboral.com\/wp-content\/uploads\/2026\/08\/uml_ft99-1536x791.png 1536w, https:\/\/unidaddemedicinalaboral.com\/wp-content\/uploads\/2026\/08\/uml_ft99.png 1800w\" sizes=\"(max-width: 960px) 100vw, 960px\" \/>\t\t\t\t\t\t\t\t\t\t\t\t\t\t\t<\/div>\n\t\t\t\t<\/div>\n\t\t\t\t\t<\/div>\n\t\t<\/div>\n\t\t\t\t\t<\/div>\n\t\t<\/section>\n\t\t\t\t<\/div>\n\t\t","protected":false},"excerpt":{"rendered":"<p>Evaluaciones complementarias Evaluaciones complementarias Estamos para ayudarte Las evaluaciones complementarias son una herramienta fundamental dentro del proceso de medicina ocupacional, ya que permiten profundizar en la valoraci\u00f3n de condiciones espec\u00edficas de salud relacionadas con las caracter\u00edsticas y exigencias de cada cargo. Estas pruebas se seleccionan de acuerdo con los factores de riesgo identificados, las actividades que desarrolla el trabajador, las condiciones de exposici\u00f3n y los criterios establecidos en el profesiograma de la empresa. Su aplicaci\u00f3n permite obtener informaci\u00f3n adicional para apoyar la valoraci\u00f3n m\u00e9dica, identificar posibles alteraciones de manera oportuna y establecer recomendaciones orientadas a la prevenci\u00f3n y al cuidado de la salud de los trabajadores. Contamos con diferentes evaluaciones complementarias que pueden integrarse a los ex\u00e1menes m\u00e9dicos ocupacionales: Audiometr\u00eda La audiometr\u00eda es una evaluaci\u00f3n que permite conocer la capacidad auditiva del trabajador y detectar posibles alteraciones en la audici\u00f3n. Es especialmente importante para colaboradores que desarrollan actividades con exposici\u00f3n a ruido ocupacional, ya sea por maquinaria, herramientas, equipos, procesos industriales u otras fuentes. La realizaci\u00f3n peri\u00f3dica de esta prueba permite hacer seguimiento a la condici\u00f3n auditiva y detectar cambios que puedan requerir atenci\u00f3n o medidas preventivas. Sus resultados pueden contribuir al fortalecimiento de los programas de conservaci\u00f3n auditiva y a la implementaci\u00f3n de controles frente a la exposici\u00f3n al ruido. Espirometr\u00eda La espirometr\u00eda permite evaluar el funcionamiento pulmonar mediante la medici\u00f3n de diferentes par\u00e1metros relacionados con la capacidad respiratoria. Es una prueba de especial utilidad para trabajadores expuestos a factores que pueden afectar el sistema respiratorio, como polvos, humos, gases, vapores, sustancias qu\u00edmicas o material particulado. Esta evaluaci\u00f3n proporciona informaci\u00f3n sobre la funci\u00f3n pulmonar y puede apoyar la identificaci\u00f3n temprana de alteraciones respiratorias. Su aplicaci\u00f3n de acuerdo con el perfil de riesgo permite realizar un seguimiento adecuado de los trabajadores expuestos y fortalecer las estrategias de prevenci\u00f3n de enfermedades respiratorias de origen ocupacional. Visiometr\u00eda La visiometr\u00eda permite realizar una valoraci\u00f3n inicial de la capacidad visual del trabajador, identificando posibles dificultades relacionadas con la agudeza visual y otros aspectos b\u00e1sicos de la visi\u00f3n. Es una evaluaci\u00f3n especialmente relevante para cargos que requieren un uso constante de la visi\u00f3n, como actividades administrativas, conducci\u00f3n, operaci\u00f3n de maquinaria, inspecci\u00f3n, trabajos de precisi\u00f3n o labores que impliquen exposici\u00f3n prolongada a pantallas. Los resultados pueden servir como apoyo para identificar la necesidad de una valoraci\u00f3n visual m\u00e1s especializada y establecer recomendaciones relacionadas con las condiciones de trabajo. Optometr\u00eda La evaluaci\u00f3n de optometr\u00eda permite realizar una valoraci\u00f3n m\u00e1s completa de las condiciones visuales del trabajador. A diferencia de una prueba b\u00e1sica de tamizaje, esta evaluaci\u00f3n permite profundizar en aspectos relacionados con la salud visual y las necesidades espec\u00edficas de cada trabajador. Puede ser indicada para cargos en los que la visi\u00f3n constituye un elemento fundamental para realizar las actividades de manera segura y eficiente. Tambi\u00e9n permite orientar al trabajador frente a posibles necesidades de correcci\u00f3n visual y contribuir a la prevenci\u00f3n de molestias asociadas a las exigencias visuales del puesto de trabajo. Evaluaciones osteomusculares Las evaluaciones osteomusculares est\u00e1n orientadas a valorar las condiciones relacionadas con el sistema musculoesquel\u00e9tico, teniendo en cuenta las exigencias f\u00edsicas propias de cada actividad laboral. Son especialmente importantes en trabajadores que realizan levantamiento y manipulaci\u00f3n de cargas, movimientos repetitivos, posturas prolongadas, esfuerzos f\u00edsicos, desplazamientos frecuentes o actividades que impliquen exigencia biomec\u00e1nica. Estas evaluaciones permiten identificar posibles molestias, limitaciones o factores que puedan requerir seguimiento, as\u00ed como orientar recomendaciones preventivas relacionadas con las condiciones de trabajo y el cuidado musculoesquel\u00e9tico. Evaluaciones respiratorias Las evaluaciones respiratorias permiten valorar las condiciones del sistema respiratorio en trabajadores que, por las caracter\u00edsticas de su actividad, pueden encontrarse expuestos a diferentes factores de riesgo. Dependiendo del cargo y del perfil de exposici\u00f3n, estas valoraciones pueden enfocarse en trabajadores que tienen contacto con polvos, humos, vapores, gases, sustancias qu\u00edmicas, material particulado u otros agentes presentes en el ambiente laboral. La informaci\u00f3n obtenida permite apoyar la vigilancia de la salud respiratoria y contribuir a la identificaci\u00f3n temprana de posibles cambios que requieran seguimiento o medidas preventivas. Evaluaciones cardiovasculares Las evaluaciones cardiovasculares permiten valorar aspectos relacionados con la salud del sistema cardiovascular, especialmente cuando las caracter\u00edsticas del cargo requieren un mayor nivel de exigencia f\u00edsica o existen factores de riesgo que hacen pertinente este tipo de valoraci\u00f3n. Estas evaluaciones pueden ser de utilidad para trabajadores que realizan actividades de esfuerzo, trabajos f\u00edsicamente exigentes o labores en determinadas condiciones ambientales, siempre de acuerdo con los criterios m\u00e9dicos y ocupacionales aplicables. La informaci\u00f3n obtenida sirve como apoyo para la valoraci\u00f3n integral del trabajador y para identificar situaciones que puedan requerir una evaluaci\u00f3n m\u00e9dica m\u00e1s profunda. Pruebas complementarias seg\u00fan profesiograma Cada cargo presenta unas condiciones, responsabilidades y factores de riesgo particulares. Por esta raz\u00f3n, no todos los trabajadores necesitan las mismas pruebas complementarias. Las evaluaciones se pueden definir de acuerdo con el profesiograma de la empresa, considerando aspectos como las funciones del cargo, exposici\u00f3n a riesgos f\u00edsicos, qu\u00edmicos, biol\u00f3gicos, biomec\u00e1nicos o de seguridad, exigencias visuales y auditivas, esfuerzo f\u00edsico y dem\u00e1s condiciones relevantes. De esta manera, se seleccionan las pruebas que realmente aportan informaci\u00f3n al proceso de valoraci\u00f3n m\u00e9dica ocupacional, evitando evaluaciones innecesarias y permitiendo que el seguimiento de la salud de los trabajadores responda a las caracter\u00edsticas reales de cada puesto de trabajo.<\/p>\n","protected":false},"author":1,"featured_media":0,"parent":0,"menu_order":0,"comment_status":"closed","ping_status":"closed","template":"elementor_canvas","meta":{"content-type":"","footnotes":""},"class_list":["post-141","page","type-page","status-publish","hentry"],"_links":{"self":[{"href":"https:\/\/unidaddemedicinalaboral.com\/index.php?rest_route=\/wp\/v2\/pages\/141","targetHints":{"allow":["GET"]}}],"collection":[{"href":"https:\/\/unidaddemedicinalaboral.com\/index.php?rest_route=\/wp\/v2\/pages"}],"about":[{"href":"https:\/\/unidaddemedicinalaboral.com\/index.php?rest_route=\/wp\/v2\/types\/page"}],"author":[{"embeddable":true,"href":"https:\/\/unidaddemedicinalaboral.com\/index.php?rest_route=\/wp\/v2\/users\/1"}],"replies":[{"embeddable":true,"href":"https:\/\/unidaddemedicinalaboral.com\/index.php?rest_route=%2Fwp%2Fv2%2Fcomments&post=141"}],"version-history":[{"count":54,"href":"https:\/\/unidaddemedicinalaboral.com\/index.php?rest_route=\/wp\/v2\/pages\/141\/revisions"}],"predecessor-version":[{"id":2896,"href":"https:\/\/unidaddemedicinalaboral.com\/index.php?rest_route=\/wp\/v2\/pages\/141\/revisions\/2896"}],"wp:attachment":[{"href":"https:\/\/unidaddemedicinalaboral.com\/index.php?rest_route=%2Fwp%2Fv2%2Fmedia&parent=141"}],"curies":[{"name":"wp","href":"https:\/\/api.w.org\/{rel}","templated":true}]}}