{"id":2180,"date":"2026-07-04T10:51:41","date_gmt":"2026-07-04T15:51:41","guid":{"rendered":"https:\/\/unidaddemedicinalaboral.com\/?page_id=2180"},"modified":"2026-09-01T09:19:09","modified_gmt":"2026-09-01T14:19:09","slug":"atencion-para-empresas","status":"publish","type":"page","link":"https:\/\/unidaddemedicinalaboral.com\/?page_id=2180","title":{"rendered":"Atenci\u00f3n para empresas"},"content":{"rendered":"\t\t<div data-elementor-type=\"wp-page\" data-elementor-id=\"2180\" class=\"elementor elementor-2180\">\n\t\t\t\t\t\t<section class=\"elementor-section elementor-top-section elementor-element elementor-element-47e5dbe elementor-section-height-min-height elementor-section-boxed elementor-section-height-default elementor-section-items-middle wpr-particle-no wpr-jarallax-no wpr-parallax-no wpr-sticky-section-no wpr-column-slider-no wpr-equal-height-no\" data-id=\"47e5dbe\" data-element_type=\"section\" data-e-type=\"section\" data-settings=\"{&quot;background_background&quot;:&quot;classic&quot;}\">\n\t\t\t\t\t\t<div class=\"elementor-container elementor-column-gap-default\">\n\t\t\t\t\t<div class=\"elementor-column elementor-col-100 elementor-top-column elementor-element elementor-element-7d3c5a4\" data-id=\"7d3c5a4\" data-element_type=\"column\" data-e-type=\"column\">\n\t\t\t<div class=\"elementor-widget-wrap elementor-element-populated\">\n\t\t\t\t\t\t<div class=\"elementor-element elementor-element-49c86f5 elementor-widget__width-initial elementor-widget-mobile__width-initial elementor-widget elementor-widget-heading\" data-id=\"49c86f5\" data-element_type=\"widget\" data-e-type=\"widget\" data-widget_type=\"heading.default\">\n\t\t\t\t<div class=\"elementor-widget-container\">\n\t\t\t\t\t<h2 class=\"elementor-heading-title elementor-size-default\">Atenci\u00f3n\npara empresas<\/h2>\t\t\t\t<\/div>\n\t\t\t\t<\/div>\n\t\t\t\t\t<\/div>\n\t\t<\/div>\n\t\t\t\t\t<\/div>\n\t\t<\/section>\n\t\t\t\t<section class=\"elementor-section elementor-top-section elementor-element elementor-element-1794e5a elementor-section-boxed elementor-section-height-default elementor-section-height-default wpr-particle-no wpr-jarallax-no wpr-parallax-no wpr-sticky-section-no wpr-column-slider-no wpr-equal-height-no elementor-invisible\" data-id=\"1794e5a\" data-element_type=\"section\" data-e-type=\"section\" data-settings=\"{&quot;animation&quot;:&quot;fadeIn&quot;}\">\n\t\t\t\t\t\t<div class=\"elementor-container elementor-column-gap-default\">\n\t\t\t\t\t<div class=\"elementor-column elementor-col-100 elementor-top-column elementor-element elementor-element-f90bbe6\" data-id=\"f90bbe6\" data-element_type=\"column\" data-e-type=\"column\">\n\t\t\t<div class=\"elementor-widget-wrap elementor-element-populated\">\n\t\t\t\t\t\t<div class=\"elementor-element elementor-element-3d63a9d elementor-widget elementor-widget-heading\" data-id=\"3d63a9d\" data-element_type=\"widget\" data-e-type=\"widget\" data-widget_type=\"heading.default\">\n\t\t\t\t<div class=\"elementor-widget-container\">\n\t\t\t\t\t<h2 class=\"elementor-heading-title elementor-size-default\">Atenci\u00f3n para empresas<\/h2>\t\t\t\t<\/div>\n\t\t\t\t<\/div>\n\t\t\t\t<div class=\"elementor-element elementor-element-78baea8 elementor-widget elementor-widget-heading\" data-id=\"78baea8\" data-element_type=\"widget\" data-e-type=\"widget\" data-widget_type=\"heading.default\">\n\t\t\t\t<div class=\"elementor-widget-container\">\n\t\t\t\t\t<h2 class=\"elementor-heading-title elementor-size-default\">Estamos para Ayudarte<\/h2>\t\t\t\t<\/div>\n\t\t\t\t<\/div>\n\t\t\t\t<section class=\"elementor-section elementor-inner-section elementor-element elementor-element-23d7294 elementor-section-boxed elementor-section-height-default elementor-section-height-default wpr-particle-no wpr-jarallax-no wpr-parallax-no wpr-sticky-section-no wpr-column-slider-no wpr-equal-height-no\" data-id=\"23d7294\" data-element_type=\"section\" data-e-type=\"section\">\n\t\t\t\t\t\t<div class=\"elementor-container elementor-column-gap-default\">\n\t\t\t\t\t<div class=\"elementor-column elementor-col-50 elementor-inner-column elementor-element elementor-element-eb33b67\" data-id=\"eb33b67\" data-element_type=\"column\" data-e-type=\"column\">\n\t\t\t<div class=\"elementor-widget-wrap elementor-element-populated\">\n\t\t\t\t\t\t<div class=\"elementor-element elementor-element-2733ab5 elementor-widget elementor-widget-text-editor\" data-id=\"2733ab5\" data-element_type=\"widget\" data-e-type=\"widget\" data-widget_type=\"text-editor.default\">\n\t\t\t\t<div class=\"elementor-widget-container\">\n\t\t\t\t\t\t\t\t\t<p>ntendemos que cada empresa tiene necesidades diferentes en materia de Seguridad y Salud en el Trabajo. Por esta raz\u00f3n, ofrecemos <strong data-start=\"156\" data-end=\"244\">modelos de atenci\u00f3n flexibles y adaptados a las caracter\u00edsticas de cada organizaci\u00f3n<\/strong>, teniendo en cuenta el n\u00famero de trabajadores, el tipo de actividad econ\u00f3mica, los perfiles de los cargos, los riesgos asociados y la periodicidad con la que se requieren los servicios.<\/p><p>Nuestro objetivo es facilitar la gesti\u00f3n de las evaluaciones m\u00e9dicas ocupacionales y servicios complementarios, ofreciendo una atenci\u00f3n organizada que permita optimizar tiempos, coordinar grupos de trabajadores y facilitar la entrega de la informaci\u00f3n necesaria para los procesos internos de la empresa.<\/p>\t\t\t\t\t\t\t\t<\/div>\n\t\t\t\t<\/div>\n\t\t\t\t\t<\/div>\n\t\t<\/div>\n\t\t\t\t<div class=\"elementor-column elementor-col-50 elementor-inner-column elementor-element elementor-element-a4043dd\" data-id=\"a4043dd\" data-element_type=\"column\" data-e-type=\"column\">\n\t\t\t<div class=\"elementor-widget-wrap elementor-element-populated\">\n\t\t\t\t\t\t<div class=\"elementor-element elementor-element-8f8d61d elementor-widget elementor-widget-text-editor\" data-id=\"8f8d61d\" data-element_type=\"widget\" data-e-type=\"widget\" data-widget_type=\"text-editor.default\">\n\t\t\t\t<div class=\"elementor-widget-container\">\n\t\t\t\t\t\t\t\t\t<p class=\"PDq2pG_selectionAnchorContainer\" data-start=\"432\" data-end=\"735\">Trabajamos de manera articulada con los responsables de <strong data-start=\"793\" data-end=\"896\">Talento Humano, Seguridad y Salud en el Trabajo y dem\u00e1s \u00e1reas encargadas de la gesti\u00f3n del personal<\/strong>, brindando acompa\u00f1amiento durante las diferentes etapas del proceso.<\/p>\t\t\t\t\t\t\t\t<\/div>\n\t\t\t\t<\/div>\n\t\t\t\t\t<\/div>\n\t\t<\/div>\n\t\t\t\t\t<\/div>\n\t\t<\/section>\n\t\t\t\t\t<\/div>\n\t\t<\/div>\n\t\t\t\t\t<\/div>\n\t\t<\/section>\n\t\t\t\t<section class=\"elementor-section elementor-top-section elementor-element elementor-element-3827028 elementor-section-boxed elementor-section-height-default elementor-section-height-default wpr-particle-no wpr-jarallax-no wpr-parallax-no wpr-sticky-section-no wpr-column-slider-no wpr-equal-height-no\" data-id=\"3827028\" data-element_type=\"section\" data-e-type=\"section\">\n\t\t\t\t\t\t<div class=\"elementor-container elementor-column-gap-wide\">\n\t\t\t\t\t<div class=\"elementor-column elementor-col-50 elementor-top-column elementor-element elementor-element-f36d9d4 elementor-invisible\" data-id=\"f36d9d4\" data-element_type=\"column\" data-e-type=\"column\" data-settings=\"{&quot;animation&quot;:&quot;slideInLeft&quot;}\">\n\t\t\t<div class=\"elementor-widget-wrap elementor-element-populated\">\n\t\t\t\t\t\t<div class=\"elementor-element elementor-element-7ee2c8a elementor-widget elementor-widget-image\" data-id=\"7ee2c8a\" data-element_type=\"widget\" data-e-type=\"widget\" data-widget_type=\"image.default\">\n\t\t\t\t<div class=\"elementor-widget-container\">\n\t\t\t\t\t\t\t\t\t\t\t\t\t\t\t<img fetchpriority=\"high\" decoding=\"async\" width=\"960\" height=\"494\" src=\"https:\/\/unidaddemedicinalaboral.com\/wp-content\/uploads\/2026\/08\/uml_ft99-1024x527.png\" class=\"attachment-large size-large wp-image-2729\" alt=\"\" srcset=\"https:\/\/unidaddemedicinalaboral.com\/wp-content\/uploads\/2026\/08\/uml_ft99-1024x527.png 1024w, https:\/\/unidaddemedicinalaboral.com\/wp-content\/uploads\/2026\/08\/uml_ft99-300x155.png 300w, https:\/\/unidaddemedicinalaboral.com\/wp-content\/uploads\/2026\/08\/uml_ft99-768x396.png 768w, https:\/\/unidaddemedicinalaboral.com\/wp-content\/uploads\/2026\/08\/uml_ft99-1536x791.png 1536w, https:\/\/unidaddemedicinalaboral.com\/wp-content\/uploads\/2026\/08\/uml_ft99.png 1800w\" sizes=\"(max-width: 960px) 100vw, 960px\" \/>\t\t\t\t\t\t\t\t\t\t\t\t\t\t\t<\/div>\n\t\t\t\t<\/div>\n\t\t\t\t\t<\/div>\n\t\t<\/div>\n\t\t\t\t<div class=\"elementor-column elementor-col-50 elementor-top-column elementor-element elementor-element-e7a9941 elementor-invisible\" data-id=\"e7a9941\" data-element_type=\"column\" data-e-type=\"column\" data-settings=\"{&quot;animation&quot;:&quot;slideInRight&quot;}\">\n\t\t\t<div class=\"elementor-widget-wrap elementor-element-populated\">\n\t\t\t\t\t\t<div class=\"elementor-element elementor-element-15629be elementor-widget elementor-widget-heading\" data-id=\"15629be\" data-element_type=\"widget\" data-e-type=\"widget\" data-widget_type=\"heading.default\">\n\t\t\t\t<div class=\"elementor-widget-container\">\n\t\t\t\t\t<h2 class=\"elementor-heading-title elementor-size-default\">Atenci\u00f3n en sede<\/h2>\t\t\t\t<\/div>\n\t\t\t\t<\/div>\n\t\t\t\t<div class=\"elementor-element elementor-element-3ddbd7b elementor-widget elementor-widget-text-editor\" data-id=\"3ddbd7b\" data-element_type=\"widget\" data-e-type=\"widget\" data-widget_type=\"text-editor.default\">\n\t\t\t\t<div class=\"elementor-widget-container\">\n\t\t\t\t\t\t\t\t\t<p class=\"PDq2pG_selectionAnchorContainer\" data-start=\"1043\" data-end=\"1260\">Ofrecemos atenci\u00f3n directamente en nuestra sede, donde los trabajadores pueden realizar sus <strong data-start=\"1135\" data-end=\"1199\">evaluaciones m\u00e9dicas ocupacionales y pruebas complementarias<\/strong> de acuerdo con los requerimientos definidos para cada cargo.<\/p><p data-start=\"1262\" data-end=\"1479\">Esta modalidad permite programar las valoraciones de manera organizada, facilitando el acceso de los colaboradores a los servicios y permitiendo una adecuada coordinaci\u00f3n entre la empresa y nuestro equipo de atenci\u00f3n.<\/p><p data-start=\"1481\" data-end=\"1658\">Es una alternativa pr\u00e1ctica para empresas que prefieren centralizar la atenci\u00f3n de sus trabajadores y programar las evaluaciones de acuerdo con sus necesidades y disponibilidad.<\/p>\t\t\t\t\t\t\t\t<\/div>\n\t\t\t\t<\/div>\n\t\t\t\t\t<\/div>\n\t\t<\/div>\n\t\t\t\t\t<\/div>\n\t\t<\/section>\n\t\t\t\t<section class=\"elementor-section elementor-top-section elementor-element elementor-element-11edc6a elementor-section-boxed elementor-section-height-default elementor-section-height-default wpr-particle-no wpr-jarallax-no wpr-parallax-no wpr-sticky-section-no wpr-column-slider-no wpr-equal-height-no\" data-id=\"11edc6a\" data-element_type=\"section\" data-e-type=\"section\">\n\t\t\t\t\t\t<div class=\"elementor-container elementor-column-gap-wide\">\n\t\t\t\t\t<div class=\"elementor-column elementor-col-50 elementor-top-column elementor-element elementor-element-aa81300 elementor-invisible\" data-id=\"aa81300\" data-element_type=\"column\" data-e-type=\"column\" data-settings=\"{&quot;animation&quot;:&quot;slideInLeft&quot;,&quot;animation_delay&quot;:100}\">\n\t\t\t<div class=\"elementor-widget-wrap elementor-element-populated\">\n\t\t\t\t\t\t<div class=\"elementor-element elementor-element-dddfa37 elementor-widget elementor-widget-heading\" data-id=\"dddfa37\" data-element_type=\"widget\" data-e-type=\"widget\" data-widget_type=\"heading.default\">\n\t\t\t\t<div class=\"elementor-widget-container\">\n\t\t\t\t\t<h2 class=\"elementor-heading-title elementor-size-default\">Jornadas programadas para empresas<\/h2>\t\t\t\t<\/div>\n\t\t\t\t<\/div>\n\t\t\t\t<div class=\"elementor-element elementor-element-2963db4 elementor-widget elementor-widget-text-editor\" data-id=\"2963db4\" data-element_type=\"widget\" data-e-type=\"widget\" data-widget_type=\"text-editor.default\">\n\t\t\t\t<div class=\"elementor-widget-container\">\n\t\t\t\t\t\t\t\t\t<p class=\"PDq2pG_selectionAnchorContainer\" data-start=\"1704\" data-end=\"1827\">Organizamos jornadas de atenci\u00f3n de acuerdo con la cantidad de trabajadores y las necesidades particulares de cada empresa.<\/p><p data-start=\"1829\" data-end=\"2017\">Estas jornadas permiten <strong data-start=\"1853\" data-end=\"1918\">planificar previamente la atenci\u00f3n de grupos de colaboradores<\/strong>, estableciendo horarios y procedimientos que faciliten el desarrollo ordenado de las evaluaciones.<\/p><p data-start=\"2019\" data-end=\"2202\">La programaci\u00f3n anticipada ayuda a reducir tiempos de espera, organizar la asistencia de los trabajadores y facilitar la coordinaci\u00f3n con las \u00e1reas encargadas de Talento Humano y SST.<\/p><p data-start=\"2204\" data-end=\"2351\">Adem\u00e1s, permite adaptar la atenci\u00f3n a los requerimientos de la empresa y a la periodicidad con la que debe realizar sus evaluaciones ocupacionales.<\/p>\t\t\t\t\t\t\t\t<\/div>\n\t\t\t\t<\/div>\n\t\t\t\t\t<\/div>\n\t\t<\/div>\n\t\t\t\t<div class=\"elementor-column elementor-col-50 elementor-top-column elementor-element elementor-element-0d35819 elementor-invisible\" data-id=\"0d35819\" data-element_type=\"column\" data-e-type=\"column\" data-settings=\"{&quot;animation&quot;:&quot;slideInRight&quot;,&quot;animation_delay&quot;:200}\">\n\t\t\t<div class=\"elementor-widget-wrap elementor-element-populated\">\n\t\t\t\t\t\t<div class=\"elementor-element elementor-element-00937d1 elementor-widget__width-initial elementor-widget elementor-widget-image\" data-id=\"00937d1\" data-element_type=\"widget\" data-e-type=\"widget\" data-widget_type=\"image.default\">\n\t\t\t\t<div class=\"elementor-widget-container\">\n\t\t\t\t\t\t\t\t\t\t\t\t\t\t\t<img fetchpriority=\"high\" decoding=\"async\" width=\"960\" height=\"494\" src=\"https:\/\/unidaddemedicinalaboral.com\/wp-content\/uploads\/2026\/08\/uml_ft99-1024x527.png\" class=\"attachment-large size-large wp-image-2729\" alt=\"\" srcset=\"https:\/\/unidaddemedicinalaboral.com\/wp-content\/uploads\/2026\/08\/uml_ft99-1024x527.png 1024w, https:\/\/unidaddemedicinalaboral.com\/wp-content\/uploads\/2026\/08\/uml_ft99-300x155.png 300w, https:\/\/unidaddemedicinalaboral.com\/wp-content\/uploads\/2026\/08\/uml_ft99-768x396.png 768w, https:\/\/unidaddemedicinalaboral.com\/wp-content\/uploads\/2026\/08\/uml_ft99-1536x791.png 1536w, https:\/\/unidaddemedicinalaboral.com\/wp-content\/uploads\/2026\/08\/uml_ft99.png 1800w\" sizes=\"(max-width: 960px) 100vw, 960px\" \/>\t\t\t\t\t\t\t\t\t\t\t\t\t\t\t<\/div>\n\t\t\t\t<\/div>\n\t\t\t\t\t<\/div>\n\t\t<\/div>\n\t\t\t\t\t<\/div>\n\t\t<\/section>\n\t\t\t\t<section class=\"elementor-section elementor-top-section elementor-element elementor-element-9d024e7 elementor-section-boxed elementor-section-height-default elementor-section-height-default wpr-particle-no wpr-jarallax-no wpr-parallax-no wpr-sticky-section-no wpr-column-slider-no wpr-equal-height-no\" data-id=\"9d024e7\" data-element_type=\"section\" data-e-type=\"section\">\n\t\t\t\t\t\t<div class=\"elementor-container elementor-column-gap-wide\">\n\t\t\t\t\t<div class=\"elementor-column elementor-col-50 elementor-top-column elementor-element elementor-element-6c79601 elementor-invisible\" data-id=\"6c79601\" data-element_type=\"column\" data-e-type=\"column\" data-settings=\"{&quot;animation&quot;:&quot;slideInLeft&quot;,&quot;animation_delay&quot;:300}\">\n\t\t\t<div class=\"elementor-widget-wrap elementor-element-populated\">\n\t\t\t\t\t\t<div class=\"elementor-element elementor-element-6960983 elementor-widget elementor-widget-image\" data-id=\"6960983\" data-element_type=\"widget\" data-e-type=\"widget\" data-widget_type=\"image.default\">\n\t\t\t\t<div class=\"elementor-widget-container\">\n\t\t\t\t\t\t\t\t\t\t\t\t\t\t\t<img fetchpriority=\"high\" decoding=\"async\" width=\"960\" height=\"494\" src=\"https:\/\/unidaddemedicinalaboral.com\/wp-content\/uploads\/2026\/08\/uml_ft99-1024x527.png\" class=\"attachment-large size-large wp-image-2729\" alt=\"\" srcset=\"https:\/\/unidaddemedicinalaboral.com\/wp-content\/uploads\/2026\/08\/uml_ft99-1024x527.png 1024w, https:\/\/unidaddemedicinalaboral.com\/wp-content\/uploads\/2026\/08\/uml_ft99-300x155.png 300w, https:\/\/unidaddemedicinalaboral.com\/wp-content\/uploads\/2026\/08\/uml_ft99-768x396.png 768w, https:\/\/unidaddemedicinalaboral.com\/wp-content\/uploads\/2026\/08\/uml_ft99-1536x791.png 1536w, https:\/\/unidaddemedicinalaboral.com\/wp-content\/uploads\/2026\/08\/uml_ft99.png 1800w\" sizes=\"(max-width: 960px) 100vw, 960px\" \/>\t\t\t\t\t\t\t\t\t\t\t\t\t\t\t<\/div>\n\t\t\t\t<\/div>\n\t\t\t\t\t<\/div>\n\t\t<\/div>\n\t\t\t\t<div class=\"elementor-column elementor-col-50 elementor-top-column elementor-element elementor-element-0763566 elementor-invisible\" data-id=\"0763566\" data-element_type=\"column\" data-e-type=\"column\" data-settings=\"{&quot;animation&quot;:&quot;slideInRight&quot;,&quot;animation_delay&quot;:400}\">\n\t\t\t<div class=\"elementor-widget-wrap elementor-element-populated\">\n\t\t\t\t\t\t<div class=\"elementor-element elementor-element-81f14c6 elementor-widget elementor-widget-heading\" data-id=\"81f14c6\" data-element_type=\"widget\" data-e-type=\"widget\" data-widget_type=\"heading.default\">\n\t\t\t\t<div class=\"elementor-widget-container\">\n\t\t\t\t\t<h2 class=\"elementor-heading-title elementor-size-default\">Atenci\u00f3n por grupos de trabajadores<\/h2>\t\t\t\t<\/div>\n\t\t\t\t<\/div>\n\t\t\t\t<div class=\"elementor-element elementor-element-40b5d6f elementor-widget elementor-widget-text-editor\" data-id=\"40b5d6f\" data-element_type=\"widget\" data-e-type=\"widget\" data-widget_type=\"text-editor.default\">\n\t\t\t\t<div class=\"elementor-widget-container\">\n\t\t\t\t\t\t\t\t\t<p class=\"PDq2pG_selectionAnchorContainer\" data-start=\"2398\" data-end=\"2564\">Cuando una empresa cuenta con un n\u00famero importante de colaboradores, podemos organizar la atenci\u00f3n por <strong data-start=\"2501\" data-end=\"2563\">grupos de trabajadores, \u00e1reas, cargos o centros de trabajo<\/strong>.<\/p><p data-start=\"2566\" data-end=\"2772\">Esta modalidad facilita la planificaci\u00f3n de las evaluaciones y permite establecer cronogramas de atenci\u00f3n que se ajusten a la operaci\u00f3n de la organizaci\u00f3n, evitando afectar innecesariamente sus actividades.<\/p><p data-start=\"2774\" data-end=\"3061\">La conformaci\u00f3n de los grupos puede realizarse de acuerdo con diferentes criterios definidos previamente con la empresa, permitiendo mantener un proceso organizado y facilitar el seguimiento de los trabajadores que ya han sido atendidos y aquellos que a\u00fan tienen evaluaciones pendientes.<\/p>\t\t\t\t\t\t\t\t<\/div>\n\t\t\t\t<\/div>\n\t\t\t\t\t<\/div>\n\t\t<\/div>\n\t\t\t\t\t<\/div>\n\t\t<\/section>\n\t\t\t\t<section class=\"elementor-section elementor-top-section elementor-element elementor-element-7a54882 elementor-section-boxed elementor-section-height-default elementor-section-height-default wpr-particle-no wpr-jarallax-no wpr-parallax-no wpr-sticky-section-no wpr-column-slider-no wpr-equal-height-no\" data-id=\"7a54882\" data-element_type=\"section\" data-e-type=\"section\">\n\t\t\t\t\t\t<div class=\"elementor-container elementor-column-gap-wide\">\n\t\t\t\t\t<div class=\"elementor-column elementor-col-50 elementor-top-column elementor-element elementor-element-23e91a2 elementor-invisible\" data-id=\"23e91a2\" data-element_type=\"column\" data-e-type=\"column\" data-settings=\"{&quot;animation&quot;:&quot;slideInLeft&quot;,&quot;animation_delay&quot;:100}\">\n\t\t\t<div class=\"elementor-widget-wrap elementor-element-populated\">\n\t\t\t\t\t\t<div class=\"elementor-element elementor-element-9bac870 elementor-widget elementor-widget-heading\" data-id=\"9bac870\" data-element_type=\"widget\" data-e-type=\"widget\" data-widget_type=\"heading.default\">\n\t\t\t\t<div class=\"elementor-widget-container\">\n\t\t\t\t\t<h2 class=\"elementor-heading-title elementor-size-default\">Coordinaci\u00f3n administrativa para env\u00edo de conceptos<\/h2>\t\t\t\t<\/div>\n\t\t\t\t<\/div>\n\t\t\t\t<div class=\"elementor-element elementor-element-67e567d elementor-widget elementor-widget-text-editor\" data-id=\"67e567d\" data-element_type=\"widget\" data-e-type=\"widget\" data-widget_type=\"text-editor.default\">\n\t\t\t\t<div class=\"elementor-widget-container\">\n\t\t\t\t\t\t\t\t\t<p class=\"PDq2pG_selectionAnchorContainer\" data-start=\"3124\" data-end=\"3365\">Acompa\u00f1amos el proceso administrativo relacionado con la <strong data-start=\"3181\" data-end=\"3263\">gesti\u00f3n y entrega de los conceptos derivados de las evaluaciones ocupacionales<\/strong>, facilitando la comunicaci\u00f3n entre nuestra organizaci\u00f3n y los responsables designados por la empresa.<\/p><p data-start=\"3367\" data-end=\"3576\">La informaci\u00f3n se gestiona de manera organizada, teniendo en cuenta los procesos establecidos y los criterios de confidencialidad correspondientes a la informaci\u00f3n relacionada con la salud de los trabajadores.<\/p><p data-start=\"3578\" data-end=\"3789\">Este acompa\u00f1amiento permite que las \u00e1reas responsables puedan realizar un seguimiento adecuado de los procesos y contar oportunamente con la informaci\u00f3n que corresponda para continuar con sus gestiones internas.<\/p>\t\t\t\t\t\t\t\t<\/div>\n\t\t\t\t<\/div>\n\t\t\t\t\t<\/div>\n\t\t<\/div>\n\t\t\t\t<div class=\"elementor-column elementor-col-50 elementor-top-column elementor-element elementor-element-57a9c75 elementor-invisible\" data-id=\"57a9c75\" data-element_type=\"column\" data-e-type=\"column\" data-settings=\"{&quot;animation&quot;:&quot;slideInRight&quot;,&quot;animation_delay&quot;:200}\">\n\t\t\t<div class=\"elementor-widget-wrap elementor-element-populated\">\n\t\t\t\t\t\t<div class=\"elementor-element elementor-element-42189d6 elementor-widget elementor-widget-image\" data-id=\"42189d6\" data-element_type=\"widget\" data-e-type=\"widget\" data-widget_type=\"image.default\">\n\t\t\t\t<div class=\"elementor-widget-container\">\n\t\t\t\t\t\t\t\t\t\t\t\t\t\t\t<img fetchpriority=\"high\" decoding=\"async\" width=\"960\" height=\"494\" src=\"https:\/\/unidaddemedicinalaboral.com\/wp-content\/uploads\/2026\/08\/uml_ft99-1024x527.png\" class=\"attachment-large size-large wp-image-2729\" alt=\"\" srcset=\"https:\/\/unidaddemedicinalaboral.com\/wp-content\/uploads\/2026\/08\/uml_ft99-1024x527.png 1024w, https:\/\/unidaddemedicinalaboral.com\/wp-content\/uploads\/2026\/08\/uml_ft99-300x155.png 300w, https:\/\/unidaddemedicinalaboral.com\/wp-content\/uploads\/2026\/08\/uml_ft99-768x396.png 768w, https:\/\/unidaddemedicinalaboral.com\/wp-content\/uploads\/2026\/08\/uml_ft99-1536x791.png 1536w, https:\/\/unidaddemedicinalaboral.com\/wp-content\/uploads\/2026\/08\/uml_ft99.png 1800w\" sizes=\"(max-width: 960px) 100vw, 960px\" \/>\t\t\t\t\t\t\t\t\t\t\t\t\t\t\t<\/div>\n\t\t\t\t<\/div>\n\t\t\t\t\t<\/div>\n\t\t<\/div>\n\t\t\t\t\t<\/div>\n\t\t<\/section>\n\t\t\t\t<section class=\"elementor-section elementor-top-section elementor-element elementor-element-eaee240 elementor-section-boxed elementor-section-height-default elementor-section-height-default wpr-particle-no wpr-jarallax-no wpr-parallax-no wpr-sticky-section-no wpr-column-slider-no wpr-equal-height-no\" data-id=\"eaee240\" data-element_type=\"section\" data-e-type=\"section\">\n\t\t\t\t\t\t<div class=\"elementor-container elementor-column-gap-wide\">\n\t\t\t\t\t<div class=\"elementor-column elementor-col-50 elementor-top-column elementor-element elementor-element-5e6b864 elementor-invisible\" data-id=\"5e6b864\" data-element_type=\"column\" data-e-type=\"column\" data-settings=\"{&quot;animation&quot;:&quot;slideInLeft&quot;,&quot;animation_delay&quot;:300}\">\n\t\t\t<div class=\"elementor-widget-wrap elementor-element-populated\">\n\t\t\t\t\t\t<div class=\"elementor-element elementor-element-73bef25 elementor-widget elementor-widget-image\" data-id=\"73bef25\" data-element_type=\"widget\" data-e-type=\"widget\" data-widget_type=\"image.default\">\n\t\t\t\t<div class=\"elementor-widget-container\">\n\t\t\t\t\t\t\t\t\t\t\t\t\t\t\t<img fetchpriority=\"high\" decoding=\"async\" width=\"960\" height=\"494\" src=\"https:\/\/unidaddemedicinalaboral.com\/wp-content\/uploads\/2026\/08\/uml_ft99-1024x527.png\" class=\"attachment-large size-large wp-image-2729\" alt=\"\" srcset=\"https:\/\/unidaddemedicinalaboral.com\/wp-content\/uploads\/2026\/08\/uml_ft99-1024x527.png 1024w, https:\/\/unidaddemedicinalaboral.com\/wp-content\/uploads\/2026\/08\/uml_ft99-300x155.png 300w, https:\/\/unidaddemedicinalaboral.com\/wp-content\/uploads\/2026\/08\/uml_ft99-768x396.png 768w, https:\/\/unidaddemedicinalaboral.com\/wp-content\/uploads\/2026\/08\/uml_ft99-1536x791.png 1536w, https:\/\/unidaddemedicinalaboral.com\/wp-content\/uploads\/2026\/08\/uml_ft99.png 1800w\" sizes=\"(max-width: 960px) 100vw, 960px\" \/>\t\t\t\t\t\t\t\t\t\t\t\t\t\t\t<\/div>\n\t\t\t\t<\/div>\n\t\t\t\t\t<\/div>\n\t\t<\/div>\n\t\t\t\t<div class=\"elementor-column elementor-col-50 elementor-top-column elementor-element elementor-element-fc357ea elementor-invisible\" data-id=\"fc357ea\" data-element_type=\"column\" data-e-type=\"column\" data-settings=\"{&quot;animation&quot;:&quot;slideInRight&quot;,&quot;animation_delay&quot;:400}\">\n\t\t\t<div class=\"elementor-widget-wrap elementor-element-populated\">\n\t\t\t\t\t\t<div class=\"elementor-element elementor-element-7594d27 elementor-widget elementor-widget-heading\" data-id=\"7594d27\" data-element_type=\"widget\" data-e-type=\"widget\" data-widget_type=\"heading.default\">\n\t\t\t\t<div class=\"elementor-widget-container\">\n\t\t\t\t\t<h2 class=\"elementor-heading-title elementor-size-default\">Acompa\u00f1amiento a responsables de Talento Humano y SST<\/h2>\t\t\t\t<\/div>\n\t\t\t\t<\/div>\n\t\t\t\t<div class=\"elementor-element elementor-element-3e265c6 elementor-widget elementor-widget-text-editor\" data-id=\"3e265c6\" data-element_type=\"widget\" data-e-type=\"widget\" data-widget_type=\"text-editor.default\">\n\t\t\t\t<div class=\"elementor-widget-container\">\n\t\t\t\t\t\t\t\t\t<p class=\"PDq2pG_selectionAnchorContainer\" data-start=\"3854\" data-end=\"4129\">Nuestro servicio no se limita a la realizaci\u00f3n de las evaluaciones. Tambi\u00e9n brindamos <strong data-start=\"3940\" data-end=\"4029\">acompa\u00f1amiento a los responsables de Talento Humano y Seguridad y Salud en el Trabajo<\/strong> durante la coordinaci\u00f3n y gesti\u00f3n de los procesos relacionados con la atenci\u00f3n de los trabajadores.<\/p><p data-start=\"4131\" data-end=\"4322\">Apoyamos la programaci\u00f3n de evaluaciones, organizaci\u00f3n de grupos, coordinaci\u00f3n de jornadas, orientaci\u00f3n sobre los servicios requeridos y seguimiento de los procesos administrativos asociados.<\/p><p data-start=\"4324\" data-end=\"4494\">Este acompa\u00f1amiento busca facilitar el trabajo de las \u00e1reas encargadas, resolver inquietudes y mantener una comunicaci\u00f3n clara durante las diferentes etapas del servicio.<\/p>\t\t\t\t\t\t\t\t<\/div>\n\t\t\t\t<\/div>\n\t\t\t\t\t<\/div>\n\t\t<\/div>\n\t\t\t\t\t<\/div>\n\t\t<\/section>\n\t\t\t\t<\/div>\n\t\t","protected":false},"excerpt":{"rendered":"<p>Atenci\u00f3n para empresas Atenci\u00f3n para empresas Estamos para Ayudarte ntendemos que cada empresa tiene necesidades diferentes en materia de Seguridad y Salud en el Trabajo. Por esta raz\u00f3n, ofrecemos modelos de atenci\u00f3n flexibles y adaptados a las caracter\u00edsticas de cada organizaci\u00f3n, teniendo en cuenta el n\u00famero de trabajadores, el tipo de actividad econ\u00f3mica, los perfiles de los cargos, los riesgos asociados y la periodicidad con la que se requieren los servicios. Nuestro objetivo es facilitar la gesti\u00f3n de las evaluaciones m\u00e9dicas ocupacionales y servicios complementarios, ofreciendo una atenci\u00f3n organizada que permita optimizar tiempos, coordinar grupos de trabajadores y facilitar la entrega de la informaci\u00f3n necesaria para los procesos internos de la empresa. Trabajamos de manera articulada con los responsables de Talento Humano, Seguridad y Salud en el Trabajo y dem\u00e1s \u00e1reas encargadas de la gesti\u00f3n del personal, brindando acompa\u00f1amiento durante las diferentes etapas del proceso. Atenci\u00f3n en sede Ofrecemos atenci\u00f3n directamente en nuestra sede, donde los trabajadores pueden realizar sus evaluaciones m\u00e9dicas ocupacionales y pruebas complementarias de acuerdo con los requerimientos definidos para cada cargo. Esta modalidad permite programar las valoraciones de manera organizada, facilitando el acceso de los colaboradores a los servicios y permitiendo una adecuada coordinaci\u00f3n entre la empresa y nuestro equipo de atenci\u00f3n. Es una alternativa pr\u00e1ctica para empresas que prefieren centralizar la atenci\u00f3n de sus trabajadores y programar las evaluaciones de acuerdo con sus necesidades y disponibilidad. Jornadas programadas para empresas Organizamos jornadas de atenci\u00f3n de acuerdo con la cantidad de trabajadores y las necesidades particulares de cada empresa. Estas jornadas permiten planificar previamente la atenci\u00f3n de grupos de colaboradores, estableciendo horarios y procedimientos que faciliten el desarrollo ordenado de las evaluaciones. La programaci\u00f3n anticipada ayuda a reducir tiempos de espera, organizar la asistencia de los trabajadores y facilitar la coordinaci\u00f3n con las \u00e1reas encargadas de Talento Humano y SST. Adem\u00e1s, permite adaptar la atenci\u00f3n a los requerimientos de la empresa y a la periodicidad con la que debe realizar sus evaluaciones ocupacionales. Atenci\u00f3n por grupos de trabajadores Cuando una empresa cuenta con un n\u00famero importante de colaboradores, podemos organizar la atenci\u00f3n por grupos de trabajadores, \u00e1reas, cargos o centros de trabajo. Esta modalidad facilita la planificaci\u00f3n de las evaluaciones y permite establecer cronogramas de atenci\u00f3n que se ajusten a la operaci\u00f3n de la organizaci\u00f3n, evitando afectar innecesariamente sus actividades. La conformaci\u00f3n de los grupos puede realizarse de acuerdo con diferentes criterios definidos previamente con la empresa, permitiendo mantener un proceso organizado y facilitar el seguimiento de los trabajadores que ya han sido atendidos y aquellos que a\u00fan tienen evaluaciones pendientes. Coordinaci\u00f3n administrativa para env\u00edo de conceptos Acompa\u00f1amos el proceso administrativo relacionado con la gesti\u00f3n y entrega de los conceptos derivados de las evaluaciones ocupacionales, facilitando la comunicaci\u00f3n entre nuestra organizaci\u00f3n y los responsables designados por la empresa. La informaci\u00f3n se gestiona de manera organizada, teniendo en cuenta los procesos establecidos y los criterios de confidencialidad correspondientes a la informaci\u00f3n relacionada con la salud de los trabajadores. Este acompa\u00f1amiento permite que las \u00e1reas responsables puedan realizar un seguimiento adecuado de los procesos y contar oportunamente con la informaci\u00f3n que corresponda para continuar con sus gestiones internas. Acompa\u00f1amiento a responsables de Talento Humano y SST Nuestro servicio no se limita a la realizaci\u00f3n de las evaluaciones. Tambi\u00e9n brindamos acompa\u00f1amiento a los responsables de Talento Humano y Seguridad y Salud en el Trabajo durante la coordinaci\u00f3n y gesti\u00f3n de los procesos relacionados con la atenci\u00f3n de los trabajadores. Apoyamos la programaci\u00f3n de evaluaciones, organizaci\u00f3n de grupos, coordinaci\u00f3n de jornadas, orientaci\u00f3n sobre los servicios requeridos y seguimiento de los procesos administrativos asociados. Este acompa\u00f1amiento busca facilitar el trabajo de las \u00e1reas encargadas, resolver inquietudes y mantener una comunicaci\u00f3n clara durante las diferentes etapas del servicio.<\/p>\n","protected":false},"author":1,"featured_media":0,"parent":0,"menu_order":0,"comment_status":"closed","ping_status":"closed","template":"elementor_canvas","meta":{"content-type":"","footnotes":""},"class_list":["post-2180","page","type-page","status-publish","hentry"],"_links":{"self":[{"href":"https:\/\/unidaddemedicinalaboral.com\/index.php?rest_route=\/wp\/v2\/pages\/2180","targetHints":{"allow":["GET"]}}],"collection":[{"href":"https:\/\/unidaddemedicinalaboral.com\/index.php?rest_route=\/wp\/v2\/pages"}],"about":[{"href":"https:\/\/unidaddemedicinalaboral.com\/index.php?rest_route=\/wp\/v2\/types\/page"}],"author":[{"embeddable":true,"href":"https:\/\/unidaddemedicinalaboral.com\/index.php?rest_route=\/wp\/v2\/users\/1"}],"replies":[{"embeddable":true,"href":"https:\/\/unidaddemedicinalaboral.com\/index.php?rest_route=%2Fwp%2Fv2%2Fcomments&post=2180"}],"version-history":[{"count":55,"href":"https:\/\/unidaddemedicinalaboral.com\/index.php?rest_route=\/wp\/v2\/pages\/2180\/revisions"}],"predecessor-version":[{"id":2893,"href":"https:\/\/unidaddemedicinalaboral.com\/index.php?rest_route=\/wp\/v2\/pages\/2180\/revisions\/2893"}],"wp:attachment":[{"href":"https:\/\/unidaddemedicinalaboral.com\/index.php?rest_route=%2Fwp%2Fv2%2Fmedia&parent=2180"}],"curies":[{"name":"wp","href":"https:\/\/api.w.org\/{rel}","templated":true}]}}